{"id":207212,"date":"2021-05-31T13:47:16","date_gmt":"2021-05-31T13:47:16","guid":{"rendered":"http:\/\/testsajt14.hemsidemallar.eu\/?page_id=207212"},"modified":"2025-12-09T11:12:41","modified_gmt":"2025-12-09T11:12:41","slug":"jobb","status":"publish","type":"page","link":"https:\/\/enckelladvokatbyra.se\/en\/jobb\/","title":{"rendered":"Jobb"},"content":{"rendered":"<p>[et_pb_section fb_built=&#8221;1&#8243; custom_padding_last_edited=&#8221;on|tablet&#8221; admin_label=&#8221;Executive Coaching Homepage &#8211; CTA&#8221; _builder_version=&#8221;4.16&#8243; custom_padding=&#8221;20px||20px||false|false&#8221; custom_padding_tablet=&#8221;0px||0px||false|false&#8221; custom_padding_phone=&#8221;&#8221; global_colors_info=&#8221;{}&#8221;][et_pb_row admin_label=&#8221;Executive Coaching Homepage &#8211; CTA &#8211; Row&#8221; _builder_version=&#8221;4.16&#8243; width=&#8221;90%&#8221; max_width=&#8221;1680px&#8221; global_colors_info=&#8221;{}&#8221;][et_pb_column type=&#8221;4_4&#8243; _builder_version=&#8221;4.16&#8243; global_colors_info=&#8221;{}&#8221;][et_pb_cta title=&#8221;ENCKELL ADVOKATBYR\u00c5&#8221; button_url=&#8221;#&#8221; admin_label=&#8221;Executive Coaching Homepage &#8211; Call To Action &#8211; Image 1680x590px&#8221; _builder_version=&#8221;4.27.4&#8243; header_font=&#8221;Montserrat||||||||&#8221; header_text_color=&#8221;#ffffff&#8221; header_font_size=&#8221;38px&#8221; header_line_height=&#8221;130%&#8221; body_font_size=&#8221;24px&#8221; body_line_height=&#8221;1.6em&#8221; background_enable_color=&#8221;off&#8221; use_background_color=&#8221;off&#8221; use_background_color_gradient=&#8221;on&#8221; background_color_gradient_stops=&#8221;rgba(0,0,0,0.53) 0%|rgba(0,0,0,0.34) 100%&#8221; background_color_gradient_overlays_image=&#8221;on&#8221; background_image=&#8221;http:\/\/testsajt14.hemsidemallar.eu\/wp-content\/uploads\/2022\/10\/enckell.jpg&#8221; custom_button=&#8221;on&#8221; button_text_size=&#8221;16px&#8221; button_text_color=&#8221;#000000&#8243; button_bg_color=&#8221;#ffffff&#8221; button_border_width=&#8221;0px&#8221; button_border_radius=&#8221;7px&#8221; button_font=&#8221;Montserrat||||||||&#8221; button_use_icon=&#8221;off&#8221; button_custom_margin=&#8221;53px||||false|false&#8221; button_custom_margin_tablet=&#8221;30px||||false|false&#8221; button_custom_margin_phone=&#8221;&#8221; button_custom_margin_last_edited=&#8221;on|tablet&#8221; button_custom_padding=&#8221;12px|45px|12px|45px|true|true&#8221; custom_padding=&#8221;109px|30px|72px|30px|false|true&#8221; custom_padding_tablet=&#8221;60px||60px||false|true&#8221; custom_padding_phone=&#8221;&#8221; custom_padding_last_edited=&#8221;on|tablet&#8221; header_font_size_tablet=&#8221;30px&#8221; header_font_size_phone=&#8221;24px&#8221; header_font_size_last_edited=&#8221;on|phone&#8221; custom_css_main_element=&#8221;position: relative;&#8221; custom_css_promo_description=&#8221;    padding-bottom: 0;&#8221; custom_css_promo_title=&#8221;font-weight: 400;||    padding-bottom: 0;&#8221; border_radii=&#8221;on|7px|7px|7px|7px&#8221; global_colors_info=&#8221;{}&#8221; button_text_color__hover_enabled=&#8221;on|hover&#8221; button_text_color__hover=&#8221;#ffffff&#8221; button_bg_color__hover_enabled=&#8221;on|hover&#8221; button_bg_color__hover=&#8221;#1f1f1f&#8221; button_bg_enable_color__hover=&#8221;on&#8221;][\/et_pb_cta][\/et_pb_column][\/et_pb_row][\/et_pb_section][et_pb_section fb_built=&#8221;1&#8243; custom_padding_last_edited=&#8221;on|tablet&#8221; admin_label=&#8221;Executive Coaching Homepage &#8211; Prodcasts&#8221; module_class=&#8221;demo_executive_coach_podcasts&#8221; _builder_version=&#8221;4.16&#8243; custom_padding=&#8221;10px||18px||false|false&#8221; custom_padding_tablet=&#8221;0px||60px||false|false&#8221; custom_padding_phone=&#8221;&#8221; global_colors_info=&#8221;{}&#8221;][et_pb_row custom_padding_last_edited=&#8221;on|tablet&#8221; admin_label=&#8221;Executive Coaching Homepage &#8211; Prodcasts &#8211; Row&#8221; _builder_version=&#8221;4.16&#8243; width=&#8221;90%&#8221; max_width=&#8221;1170px&#8221; custom_padding=&#8221;||35px||false|false&#8221; custom_padding_tablet=&#8221;||0px||false|false&#8221; custom_padding_phone=&#8221;&#8221; locked=&#8221;off&#8221; global_colors_info=&#8221;{}&#8221;][et_pb_column type=&#8221;4_4&#8243; _builder_version=&#8221;4.16&#8243; global_colors_info=&#8221;{}&#8221;][et_pb_cta title=&#8221;Karri\u00e4r&#8221; admin_label=&#8221;Executive Coaching Homepage &#8211; Prodcasts &#8211; Call To Action&#8221; _builder_version=&#8221;4.27.4&#8243; header_font=&#8221;Montserrat||||||||&#8221; header_text_color=&#8221;#000000&#8243; header_font_size=&#8221;38px&#8221; header_line_height=&#8221;120%&#8221; body_font=&#8221;Lato||||||||&#8221; body_text_color=&#8221;#9b9b9b&#8221; body_line_height=&#8221;164%&#8221; use_background_color=&#8221;off&#8221; max_width=&#8221;900px&#8221; module_alignment=&#8221;center&#8221; header_font_size_tablet=&#8221;30px&#8221; header_font_size_phone=&#8221;24px&#8221; header_font_size_last_edited=&#8221;on|phone&#8221; custom_css_promo_title=&#8221;font-weight: 400;||    padding-bottom: 20px;&#8221; global_colors_info=&#8221;{}&#8221;]<\/p>\n<p>Vi kommer l\u00f6pande g\u00e4rna i kontakt med m\u00e5linriktade och engagerade jurister med n\u00e5got eller n\u00e5gra \u00e5rs erfarenhet fr\u00e5n advokatbyr\u00e5 och som \u00e4r intresserade av v\u00e5ra verksamhetsomr\u00e5den och som vill vara med och bygga v\u00e5r verksamhet vidare.<\/p>\n<p>Vi grundar v\u00e5r verksamhet p\u00e5 ledorden trivsel, engagemang och noggrannhet och f\u00f6rs\u00f6ker h\u00e5lla h\u00e5rt p\u00e5 v\u00e5ra v\u00e4rderingar som vi tror ger en b\u00e4ttre balans och en trivsammare och familj\u00e4rare arbetsplats. Detta utan att ge avkall p\u00e5 h\u00f6gkvalitativ och professionell r\u00e5dgivning och relationen till v\u00e5ra klienter och samarbetspartners \u00e4r fundamental f\u00f6r v\u00e5r verksamhet varf\u00f6r man b\u00f6r ha ett intresse i att bygga f\u00f6rtroendefulla och l\u00e5ngsiktiga relationer med marknaden.<\/p>\n<p>Vi \u00f6nska f\u00f6rst\u00e4rka v\u00e5r nuvarande verksamhet och v\u00e5ra k\u00e4rnomr\u00e5den och samtidigt komplettera med n\u00e5gon erfaren jurist verksam inom ett n\u00e4rliggande verksamhetsomr\u00e5de s\u00e5som entreprenad, milj\u00f6, publik M&amp;A eller skatt. Vi v\u00e4lkomnar d\u00e4rf\u00f6r dig som \u00e4r advokat eller jurist, med l\u00e4ngre eller kortare erfarenhet fr\u00e5n advokatbyr\u00e5, och med en entrepren\u00f6riell inst\u00e4llning att kontakta oss f\u00f6ruts\u00e4ttningsl\u00f6st.<\/p>\n<p>V\u00e5r m\u00e5ls\u00e4ttning \u00e4r att tidigt erbjuda v\u00e5ra jurister klientkontakt, stort ansvar och en m\u00f6jlighet att v\u00e4xa och utvecklas och samtidigt f\u00f6rse dem juridiska utmaningar i en arbetsmilj\u00f6 pr\u00e4glad av samarbete och engagemang.<\/p>\n<p>[\/et_pb_cta][\/et_pb_column][\/et_pb_row][\/et_pb_section][et_pb_section fb_built=&#8221;1&#8243; admin_label=&#8221;Footer&#8221; _builder_version=&#8221;4.18.0&#8243; background_enable_color=&#8221;off&#8221; use_background_color_gradient=&#8221;on&#8221; background_color_gradient_stops=&#8221;#000000 0%|rgba(0,0,0,0.4) 100%&#8221; background_color_gradient_overlays_image=&#8221;on&#8221; background_color_gradient_start=&#8221;#000000&#8243; background_color_gradient_end=&#8221;rgba(0,0,0,0.68)&#8221; background_image=&#8221;https:\/\/enckelladvokatbyra.se\/wp-content\/uploads\/2025\/10\/office.jpg&#8221; custom_padding=&#8221;0px||12px|||&#8221; filter_saturate=&#8221;96%&#8221; background_color_gradient_stops_tablet=&#8221;#000000 0%|rgba(0,0,0,0.68) 100%&#8221; background_color_gradient_stops_phone=&#8221;#000000 0%|rgba(0,0,0,0.68) 100%&#8221; global_module=&#8221;207241&#8243; saved_tabs=&#8221;all&#8221; locked=&#8221;off&#8221; global_colors_info=&#8221;{}&#8221;][et_pb_row column_structure=&#8221;1_2,1_2&#8243; custom_padding_last_edited=&#8221;on|tablet&#8221; admin_label=&#8221;v\u00e4lkommen text intill kontaktformul\u00e4r&#8221; _builder_version=&#8221;4.16&#8243; _module_preset=&#8221;default&#8221; background_enable_color=&#8221;off&#8221; background_size=&#8221;initial&#8221; background_position=&#8221;top_left&#8221; background_repeat=&#8221;repeat&#8221; width=&#8221;90%&#8221; max_width=&#8221;1175px&#8221; custom_padding=&#8221;53px||22px||false|false&#8221; custom_padding_tablet=&#8221;60px||90px||false|false&#8221; custom_padding_phone=&#8221;&#8221; custom_css_before=&#8221; &#8221; use_custom_width=&#8221;on&#8221; custom_width_px=&#8221;1175px&#8221; global_colors_info=&#8221;{}&#8221;][et_pb_column type=&#8221;1_2&#8243; _builder_version=&#8221;4.16&#8243; _module_preset=&#8221;default&#8221; custom_padding=&#8221;|||&#8221; global_colors_info=&#8221;{}&#8221; custom_padding__hover=&#8221;|||&#8221;][\/et_pb_column][et_pb_column type=&#8221;1_2&#8243; _builder_version=&#8221;4.16&#8243; _module_preset=&#8221;default&#8221; custom_padding=&#8221;|||&#8221; custom_css_main_element=&#8221; margin-bottom: 0 !important;&#8221; global_colors_info=&#8221;{}&#8221; custom_padding__hover=&#8221;|||&#8221;][\/et_pb_column][\/et_pb_row][\/et_pb_section][et_pb_section fb_built=&#8221;1&#8243; _builder_version=&#8221;4.16&#8243; _module_preset=&#8221;default&#8221; min_height=&#8221;343px&#8221; custom_padding=&#8221;7px||7px|||&#8221; global_module=&#8221;207235&#8243; saved_tabs=&#8221;all&#8221; global_colors_info=&#8221;{}&#8221;][et_pb_row column_structure=&#8221;1_6,1_6,1_6,1_2&#8243; use_custom_gutter=&#8221;on&#8221; custom_padding_last_edited=&#8221;on|tablet&#8221; admin_label=&#8221;Executive Coaching Homepage &#8211; Footer &#8211; Row&#8221; _builder_version=&#8221;4.16&#8243; _module_preset=&#8221;default&#8221; width=&#8221;90%&#8221; max_width=&#8221;1175px&#8221; custom_padding=&#8221;59px||12px||false|false&#8221; custom_padding_tablet=&#8221;40px||40px||false|false&#8221; custom_padding_phone=&#8221;40px||40px|&#8221; use_custom_width=&#8221;on&#8221; custom_width_px=&#8221;1175px&#8221; custom_width_percent=&#8221;1175px&#8221; global_colors_info=&#8221;{}&#8221;][et_pb_column type=&#8221;1_6&#8243; _builder_version=&#8221;4.16&#8243; _module_preset=&#8221;default&#8221; background_position=&#8221;top_left&#8221; custom_padding=&#8221;|||&#8221; custom_css_main_element=&#8221; margin-bottom: 0;&#8221; global_colors_info=&#8221;{}&#8221; custom_padding__hover=&#8221;|||&#8221;][et_pb_cta title=&#8221;Adress&#8221; admin_label=&#8221;Executive Coaching Homepage &#8211; Footer &#8211; Services&#8221; module_class=&#8221;footer_menu&#8221; _builder_version=&#8221;4.27.4&#8243; _module_preset=&#8221;default&#8221; header_font=&#8221;Montserrat||||||||&#8221; header_text_align=&#8221;left&#8221; header_text_color=&#8221;#141414&#8243; header_font_size=&#8221;22px&#8221; header_line_height=&#8221;120%&#8221; body_font=&#8221;Lato||||||||&#8221; body_text_align=&#8221;left&#8221; body_text_color=&#8221;#9b9b9b&#8221; body_font_size=&#8221;15px&#8221; body_line_height=&#8221;120%&#8221; body_ul_type=&#8221;none&#8221; body_link_text_color=&#8221;#9b9b9b&#8221; use_background_color=&#8221;off&#8221; text_orientation=&#8221;left&#8221; custom_padding=&#8221;|||&#8221; custom_padding_last_edited=&#8221;off|desktop&#8221; header_text_align_tablet=&#8221;&#8221; header_text_align_phone=&#8221;center&#8221; header_text_align_last_edited=&#8221;on|phone&#8221; header_font_size_tablet=&#8221;22&#8243; header_font_size_phone=&#8221;20&#8243; header_font_size_last_edited=&#8221;on|phone&#8221; body_text_align_tablet=&#8221;&#8221; body_text_align_phone=&#8221;center&#8221; body_text_align_last_edited=&#8221;on|phone&#8221; text_orientation_tablet=&#8221;&#8221; text_orientation_phone=&#8221;center&#8221; text_orientation_last_edited=&#8221;on|phone&#8221; custom_css_promo_description=&#8221; padding-bottom: 0 !important;||font-weight: 400;&#8221; custom_css_promo_title=&#8221;padding-bottom: 18px;||font-weight: 400;&#8221; global_colors_info=&#8221;{}&#8221; button_text_size__hover_enabled=&#8221;off&#8221; button_one_text_size__hover_enabled=&#8221;off&#8221; button_two_text_size__hover_enabled=&#8221;off&#8221; button_text_color__hover_enabled=&#8221;off&#8221; button_one_text_color__hover_enabled=&#8221;off&#8221; button_two_text_color__hover_enabled=&#8221;off&#8221; button_border_width__hover_enabled=&#8221;off&#8221; button_one_border_width__hover_enabled=&#8221;off&#8221; button_two_border_width__hover_enabled=&#8221;off&#8221; button_border_color__hover_enabled=&#8221;off&#8221; button_one_border_color__hover_enabled=&#8221;off&#8221; button_two_border_color__hover_enabled=&#8221;off&#8221; button_border_radius__hover_enabled=&#8221;off&#8221; button_one_border_radius__hover_enabled=&#8221;off&#8221; button_two_border_radius__hover_enabled=&#8221;off&#8221; button_letter_spacing__hover_enabled=&#8221;off&#8221; button_one_letter_spacing__hover_enabled=&#8221;off&#8221; button_two_letter_spacing__hover_enabled=&#8221;off&#8221; button_bg_color__hover_enabled=&#8221;off&#8221; button_one_bg_color__hover_enabled=&#8221;off&#8221; button_two_bg_color__hover_enabled=&#8221;off&#8221; body_link_text_color__hover_enabled=&#8221;on|hover&#8221; body_link_text_color__hover=&#8221;rgba(155,155,155,0.5)&#8221;]<\/p>\n<p><span>Enckell<br \/>Advokatbyr\u00e5 AB<\/span><br \/><span><\/span><\/p>\n<p><span>Skomakaregatan 1<br \/>211 34 Malm\u00f6<br \/><span style=\"color: #ffffff;\">.<\/span><\/span><\/p>\n<p><span>Org.nr. 556909-1167<\/span><\/p>\n<p>[\/et_pb_cta][\/et_pb_column][et_pb_column type=&#8221;1_6&#8243; _builder_version=&#8221;4.16&#8243; _module_preset=&#8221;default&#8221; background_position=&#8221;top_left&#8221; custom_padding=&#8221;|||&#8221; global_colors_info=&#8221;{}&#8221; custom_padding__hover=&#8221;|||&#8221;][et_pb_cta title=&#8221;Kontakta oss&#8221; admin_label=&#8221;Executive Coaching Homepage &#8211; Footer &#8211; Services&#8221; module_class=&#8221;footer_menu&#8221; _builder_version=&#8221;4.27.4&#8243; _module_preset=&#8221;default&#8221; header_font=&#8221;Montserrat||||||||&#8221; header_text_align=&#8221;left&#8221; header_text_color=&#8221;#141414&#8243; header_font_size=&#8221;22px&#8221; header_line_height=&#8221;120%&#8221; body_font=&#8221;Lato||||||||&#8221; body_text_align=&#8221;left&#8221; body_text_color=&#8221;#9b9b9b&#8221; body_font_size=&#8221;15px&#8221; body_line_height=&#8221;120%&#8221; body_ul_type=&#8221;none&#8221; body_link_text_color=&#8221;#9b9b9b&#8221; use_background_color=&#8221;off&#8221; text_orientation=&#8221;left&#8221; custom_margin=&#8221;|-59px|||false|false&#8221; custom_margin_tablet=&#8221;&#8221; custom_margin_phone=&#8221;|0px|||false|false&#8221; custom_margin_last_edited=&#8221;on|phone&#8221; custom_padding=&#8221;|||&#8221; custom_padding_last_edited=&#8221;off|desktop&#8221; header_text_align_tablet=&#8221;&#8221; header_text_align_phone=&#8221;center&#8221; header_text_align_last_edited=&#8221;on|phone&#8221; header_font_size_tablet=&#8221;22&#8243; header_font_size_phone=&#8221;20&#8243; header_font_size_last_edited=&#8221;on|phone&#8221; body_text_align_tablet=&#8221;&#8221; body_text_align_phone=&#8221;center&#8221; body_text_align_last_edited=&#8221;on|phone&#8221; custom_css_promo_description=&#8221; padding-bottom: 0 !important;||font-weight: 400;&#8221; custom_css_promo_title=&#8221;padding-bottom: 18px;||font-weight: 400;&#8221; locked=&#8221;off&#8221; global_colors_info=&#8221;{}&#8221; button_text_size__hover_enabled=&#8221;off&#8221; button_one_text_size__hover_enabled=&#8221;off&#8221; button_two_text_size__hover_enabled=&#8221;off&#8221; button_text_color__hover_enabled=&#8221;off&#8221; button_one_text_color__hover_enabled=&#8221;off&#8221; button_two_text_color__hover_enabled=&#8221;off&#8221; button_border_width__hover_enabled=&#8221;off&#8221; button_one_border_width__hover_enabled=&#8221;off&#8221; button_two_border_width__hover_enabled=&#8221;off&#8221; button_border_color__hover_enabled=&#8221;off&#8221; button_one_border_color__hover_enabled=&#8221;off&#8221; button_two_border_color__hover_enabled=&#8221;off&#8221; button_border_radius__hover_enabled=&#8221;off&#8221; button_one_border_radius__hover_enabled=&#8221;off&#8221; button_two_border_radius__hover_enabled=&#8221;off&#8221; button_letter_spacing__hover_enabled=&#8221;off&#8221; button_one_letter_spacing__hover_enabled=&#8221;off&#8221; button_two_letter_spacing__hover_enabled=&#8221;off&#8221; button_bg_color__hover_enabled=&#8221;off&#8221; button_one_bg_color__hover_enabled=&#8221;off&#8221; button_two_bg_color__hover_enabled=&#8221;off&#8221; body_link_text_color__hover_enabled=&#8221;on|hover&#8221; body_link_text_color__hover=&#8221;rgba(155,155,155,0.5)&#8221;]<\/p>\n<p><span>E-post:<br \/><\/span><span id=\"e42190206\"><a href=\"mailto:info@enckelladvokatbyra.se\">info@enckelladvokatbyra.se<\/a><\/span><\/p>\n<p><span>Tel: 040-805 74<\/span><\/p>\n<p>[\/et_pb_cta][\/et_pb_column][et_pb_column type=&#8221;1_6&#8243; _builder_version=&#8221;4.16&#8243; _module_preset=&#8221;default&#8221; background_position=&#8221;top_left&#8221; custom_padding=&#8221;||||false|false&#8221; custom_padding_phone=&#8221;|||0px&#8221; custom_padding_last_edited=&#8221;off|desktop&#8221; global_colors_info=&#8221;{}&#8221; custom_padding__hover=&#8221;|||&#8221;][et_pb_cta title=&#8221;Information&#8221; admin_label=&#8221;Executive Coaching Homepage &#8211; Footer &#8211; Services&#8221; module_class=&#8221;footer_menu&#8221; _builder_version=&#8221;4.27.4&#8243; _module_preset=&#8221;default&#8221; header_font=&#8221;Montserrat||||||||&#8221; header_text_align=&#8221;left&#8221; header_text_color=&#8221;#141414&#8243; header_font_size=&#8221;22px&#8221; header_line_height=&#8221;120%&#8221; body_font=&#8221;Lato||||||||&#8221; body_text_align=&#8221;left&#8221; body_text_color=&#8221;#9b9b9b&#8221; body_font_size=&#8221;15px&#8221; body_line_height=&#8221;120%&#8221; body_ul_type=&#8221;none&#8221; body_link_text_color=&#8221;#9b9b9b&#8221; use_background_color=&#8221;off&#8221; text_orientation=&#8221;left&#8221; custom_margin=&#8221;|||20px|false|false&#8221; custom_margin_tablet=&#8221;&#8221; custom_margin_phone=&#8221;|||0px|false|false&#8221; custom_margin_last_edited=&#8221;on|phone&#8221; custom_padding=&#8221;|||&#8221; custom_padding_last_edited=&#8221;off|desktop&#8221; header_text_align_tablet=&#8221;&#8221; header_text_align_phone=&#8221;center&#8221; header_text_align_last_edited=&#8221;on|phone&#8221; header_font_size_tablet=&#8221;22&#8243; header_font_size_phone=&#8221;20&#8243; header_font_size_last_edited=&#8221;on|phone&#8221; body_text_align_tablet=&#8221;&#8221; body_text_align_phone=&#8221;center&#8221; body_text_align_last_edited=&#8221;on|phone&#8221; custom_css_promo_description=&#8221; padding-bottom: 0 !important;||font-weight: 400;&#8221; custom_css_promo_title=&#8221;padding-bottom: 18px;||font-weight: 400;&#8221; locked=&#8221;off&#8221; global_colors_info=&#8221;{}&#8221; button_text_size__hover_enabled=&#8221;off&#8221; button_one_text_size__hover_enabled=&#8221;off&#8221; button_two_text_size__hover_enabled=&#8221;off&#8221; button_text_color__hover_enabled=&#8221;off&#8221; button_one_text_color__hover_enabled=&#8221;off&#8221; button_two_text_color__hover_enabled=&#8221;off&#8221; button_border_width__hover_enabled=&#8221;off&#8221; button_one_border_width__hover_enabled=&#8221;off&#8221; button_two_border_width__hover_enabled=&#8221;off&#8221; button_border_color__hover_enabled=&#8221;off&#8221; button_one_border_color__hover_enabled=&#8221;off&#8221; button_two_border_color__hover_enabled=&#8221;off&#8221; button_border_radius__hover_enabled=&#8221;off&#8221; button_one_border_radius__hover_enabled=&#8221;off&#8221; button_two_border_radius__hover_enabled=&#8221;off&#8221; button_letter_spacing__hover_enabled=&#8221;off&#8221; button_one_letter_spacing__hover_enabled=&#8221;off&#8221; button_two_letter_spacing__hover_enabled=&#8221;off&#8221; button_bg_color__hover_enabled=&#8221;off&#8221; button_one_bg_color__hover_enabled=&#8221;off&#8221; button_two_bg_color__hover_enabled=&#8221;off&#8221; body_link_text_color__hover_enabled=&#8221;on|hover&#8221; body_link_text_color__hover=&#8221;rgba(155,155,155,0.5)&#8221;]<\/p>\n<p><a href=\"\/allmanna-villkor\">Allm\u00e4nna villkor<\/a><\/p>\n<p><a href=\"\/behandling-av-personuppgifter\/\">Personuppgiftsbehandling<\/a><\/p>\n<p>[\/et_pb_cta][\/et_pb_column][et_pb_column type=&#8221;1_2&#8243; _builder_version=&#8221;4.16&#8243; _module_preset=&#8221;default&#8221; background_position=&#8221;top_left&#8221; custom_padding=&#8221;|||&#8221; global_colors_info=&#8221;{}&#8221; custom_padding__hover=&#8221;|||&#8221;][et_pb_social_media_follow follow_button=&#8221;on&#8221; icon_color=&#8221;#141414&#8243; admin_label=&#8221;Executive Coaching Homepage &#8211; Footer &#8211; Social Media Follow&#8221; _builder_version=&#8221;4.27.4&#8243; _module_preset=&#8221;default&#8221; background_color=&#8221;#ffffff&#8221; background_layout=&#8221;dark&#8221; custom_margin=&#8221;-10px|||&#8221; custom_padding=&#8221;|||&#8221; text_orientation_tablet=&#8221;&#8221; text_orientation_phone=&#8221;center&#8221; text_orientation_last_edited=&#8221;on|phone&#8221; global_colors_info=&#8221;{}&#8221;][et_pb_social_media_follow_network social_network=&#8221;linkedin&#8221; url=&#8221;https:\/\/se.linkedin.com\/company\/enckell-advokatbyr%C3%A5&#8243; use_icon_font_size=&#8221;on&#8221; icon_font_size=&#8221;37px&#8221; _builder_version=&#8221;4.27.4&#8243; _module_preset=&#8221;default&#8221; background_color=&#8221;#ffffff&#8221; global_colors_info=&#8221;{}&#8221; follow_button=&#8221;on&#8221; url_new_window=&#8221;on&#8221;]linkedin[\/et_pb_social_media_follow_network][\/et_pb_social_media_follow][\/et_pb_column][\/et_pb_row][et_pb_row column_structure=&#8221;1_2,1_2&#8243; use_custom_gutter=&#8221;on&#8221; gutter_width=&#8221;2&#8243; admin_label=&#8221;Row &#8211; Ps SubsExecutive Coaching Homepage &#8211; Footer &#8211; Rowcribe Footer&#8221; _builder_version=&#8221;4.16&#8243; _module_preset=&#8221;default&#8221; width=&#8221;90%&#8221; max_width=&#8221;1175px&#8221; custom_padding=&#8221;22px||11px|||&#8221; use_custom_width=&#8221;on&#8221; custom_width_px=&#8221;1175px&#8221; custom_width_percent=&#8221;1175px&#8221; global_colors_info=&#8221;{}&#8221;][et_pb_column type=&#8221;1_2&#8243; _builder_version=&#8221;4.16&#8243; _module_preset=&#8221;default&#8221; background_position=&#8221;top_left&#8221; custom_padding=&#8221;|||&#8221; custom_css_main_element=&#8221;margin-bottom: 0 !important;&#8221; global_colors_info=&#8221;{}&#8221; custom_padding__hover=&#8221;|||&#8221;][et_pb_text disabled_on=&#8221;off|off|off&#8221; admin_label=&#8221;Executive Coaching Homepage &#8211; Footer &#8211; Copyright Website  | Privacy Policy | Disclaimer | Site Map&#8221; _builder_version=&#8221;4.27.4&#8243; _module_preset=&#8221;default&#8221; text_font=&#8221;Lato||||||||&#8221; text_text_color=&#8221;#9b9b9b&#8221; text_line_height=&#8221;120%&#8221; module_alignment=&#8221;center&#8221; custom_margin_tablet=&#8221;||5px||false|false&#8221; custom_margin_phone=&#8221;&#8221; custom_margin_last_edited=&#8221;on|tablet&#8221; custom_padding=&#8221;|||4px&#8221; text_orientation_tablet=&#8221;center&#8221; text_orientation_phone=&#8221;center&#8221; text_orientation_last_edited=&#8221;on|tablet&#8221; custom_css_main_element=&#8221;font-weight: 400;&#8221; global_colors_info=&#8221;{}&#8221;]<\/p>\n<p>Copyright Enckell Advokatbyr\u00e5 \u00a9<\/p>\n<p>[\/et_pb_text][\/et_pb_column][et_pb_column type=&#8221;1_2&#8243; _builder_version=&#8221;4.16&#8243; _module_preset=&#8221;default&#8221; background_position=&#8221;top_left&#8221; custom_padding=&#8221;|||&#8221; global_colors_info=&#8221;{}&#8221; custom_padding__hover=&#8221;|||&#8221;][et_pb_text disabled_on=&#8221;on|on|on&#8221; admin_label=&#8221;Executive Coaching Homepage &#8211; Footer &#8211; Text&#8221; _builder_version=&#8221;4.27.4&#8243; _module_preset=&#8221;default&#8221; text_font=&#8221;Lato||||||||&#8221; text_text_color=&#8221;#9b9b9b&#8221; text_line_height=&#8221;120%&#8221; link_text_color=&#8221;#9b9b9b&#8221; text_orientation=&#8221;right&#8221; text_orientation_tablet=&#8221;center&#8221; text_orientation_phone=&#8221;&#8221; text_orientation_last_edited=&#8221;on|tablet&#8221; custom_css_main_element=&#8221;    font-weight: 400;&#8221; disabled=&#8221;on&#8221; locked=&#8221;off&#8221; global_colors_info=&#8221;{}&#8221; link_text_color__hover_enabled=&#8221;on|hover&#8221; link_text_color__hover=&#8221;rgba(155,155,155,0.5)&#8221;]<\/p>\n<p>Copyright Enckell Advokatbyr\u00e5 \u00a9<\/p>\n<p>[\/et_pb_text][\/et_pb_column][\/et_pb_row][\/et_pb_section]<\/p>\n","protected":false},"excerpt":{"rendered":"<p>Vi kommer l\u00f6pande g\u00e4rna i kontakt med m\u00e5linriktade och engagerade jurister med n\u00e5got eller n\u00e5gra \u00e5rs erfarenhet fr\u00e5n advokatbyr\u00e5 och som \u00e4r intresserade av v\u00e5ra verksamhetsomr\u00e5den och som vill vara med och bygga v\u00e5r verksamhet vidare. Vi grundar v\u00e5r verksamhet p\u00e5 ledorden trivsel, engagemang och noggrannhet och f\u00f6rs\u00f6ker h\u00e5lla h\u00e5rt p\u00e5 v\u00e5ra v\u00e4rderingar som vi [&hellip;]<\/p>\n","protected":false},"author":1,"featured_media":0,"parent":0,"menu_order":0,"comment_status":"closed","ping_status":"closed","template":"","meta":{"_et_pb_use_builder":"on","_et_pb_old_content":"","_et_gb_content_width":"","footnotes":""},"difl_page_category":[],"class_list":["post-207212","page","type-page","status-publish","hentry"],"yoast_head":"<!-- This site is optimized with the Yoast SEO plugin v27.4 - https:\/\/yoast.com\/product\/yoast-seo-wordpress\/ -->\n<title>Karri\u00e4r - Enckell Advokatbyr\u00e5 Malm\u00f6<\/title>\n<meta name=\"description\" content=\"Vi kommer l\u00f6pande g\u00e4rna i kontakt med m\u00e5linriktade och engagerade jurister med n\u00e5got eller n\u00e5gra \u00e5rs erfarenhet fr\u00e5n advokatbyr\u00e5 och som \u00e4r intresserade av v\u00e5ra verksamhetsomr\u00e5den och som vill vara med och bygga v\u00e5r verksamhet vidare.\" \/>\n<meta name=\"robots\" content=\"index, follow, max-snippet:-1, max-image-preview:large, max-video-preview:-1\" \/>\n<link rel=\"canonical\" href=\"https:\/\/enckelladvokatbyra.se\/en\/jobb\/\" \/>\n<meta property=\"og:locale\" content=\"en_GB\" \/>\n<meta property=\"og:type\" content=\"article\" \/>\n<meta property=\"og:title\" content=\"Karri\u00e4r - Enckell Advokatbyr\u00e5 Malm\u00f6\" \/>\n<meta property=\"og:description\" content=\"Vi kommer l\u00f6pande g\u00e4rna i kontakt med m\u00e5linriktade och engagerade jurister med n\u00e5got eller n\u00e5gra \u00e5rs erfarenhet fr\u00e5n advokatbyr\u00e5 och som \u00e4r intresserade av v\u00e5ra verksamhetsomr\u00e5den och som vill vara med och bygga v\u00e5r verksamhet vidare.\" \/>\n<meta property=\"og:url\" content=\"https:\/\/enckelladvokatbyra.se\/en\/jobb\/\" \/>\n<meta property=\"og:site_name\" content=\"Enckell Advokatbyr\u00e5 Malm\u00f6\" \/>\n<meta property=\"article:modified_time\" content=\"2025-12-09T11:12:41+00:00\" \/>\n<meta name=\"twitter:card\" content=\"summary_large_image\" \/>\n<meta name=\"twitter:label1\" content=\"Estimated reading time\" \/>\n\t<meta name=\"twitter:data1\" content=\"2 minutes\" \/>\n<script type=\"application\/ld+json\" class=\"yoast-schema-graph\">{\"@context\":\"https:\\\/\\\/schema.org\",\"@graph\":[{\"@type\":\"WebPage\",\"@id\":\"https:\\\/\\\/enckelladvokatbyra.se\\\/jobb\\\/\",\"url\":\"https:\\\/\\\/enckelladvokatbyra.se\\\/jobb\\\/\",\"name\":\"Karri\u00e4r - Enckell Advokatbyr\u00e5 Malm\u00f6\",\"isPartOf\":{\"@id\":\"https:\\\/\\\/enckelladvokatbyra.se\\\/#website\"},\"datePublished\":\"2021-05-31T13:47:16+00:00\",\"dateModified\":\"2025-12-09T11:12:41+00:00\",\"description\":\"Vi kommer l\u00f6pande g\u00e4rna i kontakt med m\u00e5linriktade och engagerade jurister med n\u00e5got eller n\u00e5gra \u00e5rs erfarenhet fr\u00e5n advokatbyr\u00e5 och som \u00e4r intresserade av v\u00e5ra verksamhetsomr\u00e5den och som vill vara med och bygga v\u00e5r verksamhet vidare.\",\"breadcrumb\":{\"@id\":\"https:\\\/\\\/enckelladvokatbyra.se\\\/jobb\\\/#breadcrumb\"},\"inLanguage\":\"en-GB\",\"potentialAction\":[{\"@type\":\"ReadAction\",\"target\":[\"https:\\\/\\\/enckelladvokatbyra.se\\\/jobb\\\/\"]}]},{\"@type\":\"BreadcrumbList\",\"@id\":\"https:\\\/\\\/enckelladvokatbyra.se\\\/jobb\\\/#breadcrumb\",\"itemListElement\":[{\"@type\":\"ListItem\",\"position\":1,\"name\":\"Hem\",\"item\":\"https:\\\/\\\/enckelladvokatbyra.se\\\/\"},{\"@type\":\"ListItem\",\"position\":2,\"name\":\"Jobb\"}]},{\"@type\":\"WebSite\",\"@id\":\"https:\\\/\\\/enckelladvokatbyra.se\\\/#website\",\"url\":\"https:\\\/\\\/enckelladvokatbyra.se\\\/\",\"name\":\"Enckell Advokatbyr\u00e5 Malm\u00f6\",\"description\":\"\",\"potentialAction\":[{\"@type\":\"SearchAction\",\"target\":{\"@type\":\"EntryPoint\",\"urlTemplate\":\"https:\\\/\\\/enckelladvokatbyra.se\\\/?s={search_term_string}\"},\"query-input\":{\"@type\":\"PropertyValueSpecification\",\"valueRequired\":true,\"valueName\":\"search_term_string\"}}],\"inLanguage\":\"en-GB\"}]}<\/script>\n<!-- \/ Yoast SEO plugin. -->","yoast_head_json":{"title":"Karri\u00e4r - Enckell Advokatbyr\u00e5 Malm\u00f6","description":"We are always looking to get in touch with focused and dedicated lawyers with one or more years of experience at a law firm, who are interested in our areas of practice and want to be part of growing our business.","robots":{"index":"index","follow":"follow","max-snippet":"max-snippet:-1","max-image-preview":"max-image-preview:large","max-video-preview":"max-video-preview:-1"},"canonical":"https:\/\/enckelladvokatbyra.se\/en\/jobb\/","og_locale":"en_GB","og_type":"article","og_title":"Karri\u00e4r - Enckell Advokatbyr\u00e5 Malm\u00f6","og_description":"Vi kommer l\u00f6pande g\u00e4rna i kontakt med m\u00e5linriktade och engagerade jurister med n\u00e5got eller n\u00e5gra \u00e5rs erfarenhet fr\u00e5n advokatbyr\u00e5 och som \u00e4r intresserade av v\u00e5ra verksamhetsomr\u00e5den och som vill vara med och bygga v\u00e5r verksamhet vidare.","og_url":"https:\/\/enckelladvokatbyra.se\/en\/jobb\/","og_site_name":"Enckell Advokatbyr\u00e5 Malm\u00f6","article_modified_time":"2025-12-09T11:12:41+00:00","twitter_card":"summary_large_image","twitter_misc":{"Estimated reading time":"2 minutes"},"schema":{"@context":"https:\/\/schema.org","@graph":[{"@type":"WebPage","@id":"https:\/\/enckelladvokatbyra.se\/jobb\/","url":"https:\/\/enckelladvokatbyra.se\/jobb\/","name":"Karri\u00e4r - Enckell Advokatbyr\u00e5 Malm\u00f6","isPartOf":{"@id":"https:\/\/enckelladvokatbyra.se\/#website"},"datePublished":"2021-05-31T13:47:16+00:00","dateModified":"2025-12-09T11:12:41+00:00","description":"We are always looking to get in touch with focused and dedicated lawyers with one or more years of experience at a law firm, who are interested in our areas of practice and want to be part of growing our business.","breadcrumb":{"@id":"https:\/\/enckelladvokatbyra.se\/jobb\/#breadcrumb"},"inLanguage":"en-GB","potentialAction":[{"@type":"ReadAction","target":["https:\/\/enckelladvokatbyra.se\/jobb\/"]}]},{"@type":"BreadcrumbList","@id":"https:\/\/enckelladvokatbyra.se\/jobb\/#breadcrumb","itemListElement":[{"@type":"ListItem","position":1,"name":"Hem","item":"https:\/\/enckelladvokatbyra.se\/"},{"@type":"ListItem","position":2,"name":"Jobb"}]},{"@type":"WebSite","@id":"https:\/\/enckelladvokatbyra.se\/#website","url":"https:\/\/enckelladvokatbyra.se\/","name":"Enckell Advokatbyr\u00e5 Malm\u00f6","description":"","potentialAction":[{"@type":"SearchAction","target":{"@type":"EntryPoint","urlTemplate":"https:\/\/enckelladvokatbyra.se\/?s={search_term_string}"},"query-input":{"@type":"PropertyValueSpecification","valueRequired":true,"valueName":"search_term_string"}}],"inLanguage":"en-GB"}]}},"_links":{"self":[{"href":"https:\/\/enckelladvokatbyra.se\/en\/wp-json\/wp\/v2\/pages\/207212","targetHints":{"allow":["GET"]}}],"collection":[{"href":"https:\/\/enckelladvokatbyra.se\/en\/wp-json\/wp\/v2\/pages"}],"about":[{"href":"https:\/\/enckelladvokatbyra.se\/en\/wp-json\/wp\/v2\/types\/page"}],"author":[{"embeddable":true,"href":"https:\/\/enckelladvokatbyra.se\/en\/wp-json\/wp\/v2\/users\/1"}],"replies":[{"embeddable":true,"href":"https:\/\/enckelladvokatbyra.se\/en\/wp-json\/wp\/v2\/comments?post=207212"}],"version-history":[{"count":3,"href":"https:\/\/enckelladvokatbyra.se\/en\/wp-json\/wp\/v2\/pages\/207212\/revisions"}],"predecessor-version":[{"id":207753,"href":"https:\/\/enckelladvokatbyra.se\/en\/wp-json\/wp\/v2\/pages\/207212\/revisions\/207753"}],"wp:attachment":[{"href":"https:\/\/enckelladvokatbyra.se\/en\/wp-json\/wp\/v2\/media?parent=207212"}],"wp:term":[{"taxonomy":"difl_page_category","embeddable":true,"href":"https:\/\/enckelladvokatbyra.se\/en\/wp-json\/wp\/v2\/difl_page_category?post=207212"}],"curies":[{"name":"wp","href":"https:\/\/api.w.org\/{rel}","templated":true}]}}