{"id":207385,"date":"2022-10-19T18:39:05","date_gmt":"2022-10-19T18:39:05","guid":{"rendered":"http:\/\/testsajt14.hemsidemallar.eu\/?page_id=207385"},"modified":"2022-10-19T18:39:05","modified_gmt":"2022-10-19T18:39:05","slug":"gdpr","status":"publish","type":"page","link":"https:\/\/enckelladvokatbyra.se\/en\/gdpr\/","title":{"rendered":"GDPR"},"content":{"rendered":"<p>[et_pb_section fb_built=&#8221;1&#8243; custom_padding_last_edited=&#8221;on|tablet&#8221; admin_label=&#8221;Header&#8221; _builder_version=&#8221;4.16&#8243; custom_padding=&#8221;20px||20px||false|false&#8221; custom_padding_tablet=&#8221;0px||0px||false|false&#8221; custom_padding_phone=&#8221;&#8221; global_colors_info=&#8221;{}&#8221;][et_pb_row admin_label=&#8221;Headerbakgrund&#8221; _builder_version=&#8221;4.16&#8243; width=&#8221;90%&#8221; max_width=&#8221;1680px&#8221; global_colors_info=&#8221;{}&#8221;][et_pb_column type=&#8221;4_4&#8243; _builder_version=&#8221;4.16&#8243; global_colors_info=&#8221;{}&#8221;][et_pb_cta title=&#8221;ENCKELL ADVOKATBYR\u00c5&#8221; button_url=&#8221;#&#8221; admin_label=&#8221;Rubriken&#8221; _builder_version=&#8221;4.18.0&#8243; header_font=&#8221;Montserrat||||||||&#8221; header_text_color=&#8221;#ffffff&#8221; header_font_size=&#8221;38px&#8221; header_line_height=&#8221;130%&#8221; body_font_size=&#8221;24px&#8221; body_line_height=&#8221;1.6em&#8221; background_enable_color=&#8221;off&#8221; use_background_color=&#8221;off&#8221; use_background_color_gradient=&#8221;on&#8221; background_color_gradient_stops=&#8221;rgba(0,0,0,0.48) 0%|rgba(0,0,0,0.46) 100%&#8221; background_color_gradient_overlays_image=&#8221;on&#8221; background_image=&#8221;http:\/\/testsajt14.hemsidemallar.eu\/wp-content\/uploads\/2022\/10\/header2-1.jpg&#8221; custom_button=&#8221;on&#8221; button_text_size=&#8221;16px&#8221; button_text_color=&#8221;#000000&#8243; button_bg_color=&#8221;#ffffff&#8221; button_border_width=&#8221;0px&#8221; button_border_radius=&#8221;7px&#8221; button_font=&#8221;Montserrat||||||||&#8221; button_use_icon=&#8221;off&#8221; button_custom_margin=&#8221;53px||||false|false&#8221; button_custom_margin_tablet=&#8221;30px||||false|false&#8221; button_custom_margin_phone=&#8221;&#8221; button_custom_margin_last_edited=&#8221;on|tablet&#8221; button_custom_padding=&#8221;12px|45px|12px|45px|true|true&#8221; custom_padding=&#8221;109px|30px|72px|30px|false|true&#8221; custom_padding_tablet=&#8221;60px||60px||false|true&#8221; custom_padding_phone=&#8221;&#8221; custom_padding_last_edited=&#8221;on|tablet&#8221; header_font_size_tablet=&#8221;30px&#8221; header_font_size_phone=&#8221;24px&#8221; header_font_size_last_edited=&#8221;on|phone&#8221; custom_css_main_element=&#8221;position: relative;&#8221; custom_css_promo_description=&#8221;    padding-bottom: 0;&#8221; custom_css_promo_title=&#8221;font-weight: 400;||    padding-bottom: 0;&#8221; border_radii=&#8221;on|7px|7px|7px|7px&#8221; global_colors_info=&#8221;{}&#8221; button_text_color__hover_enabled=&#8221;on|hover&#8221; button_text_color__hover=&#8221;#ffffff&#8221; button_bg_color__hover_enabled=&#8221;on|hover&#8221; button_bg_color__hover=&#8221;#1f1f1f&#8221; button_bg_enable_color__hover=&#8221;on&#8221;]<\/p>\n<p>REAL ESTATE M &amp; A<\/p>\n<p>[\/et_pb_cta][\/et_pb_column][\/et_pb_row][\/et_pb_section][et_pb_section fb_built=&#8221;1&#8243; custom_padding_last_edited=&#8221;on|tablet&#8221; admin_label=&#8221;Executive Coaching Homepage &#8211; Prodcasts&#8221; module_class=&#8221;demo_executive_coach_podcasts&#8221; _builder_version=&#8221;4.16&#8243; custom_padding=&#8221;10px||84px||false|false&#8221; custom_padding_tablet=&#8221;0px||60px||false|false&#8221; custom_padding_phone=&#8221;&#8221; global_colors_info=&#8221;{}&#8221;][et_pb_row custom_padding_last_edited=&#8221;on|tablet&#8221; admin_label=&#8221;Executive Coaching Homepage &#8211; Prodcasts &#8211; Row&#8221; _builder_version=&#8221;4.16&#8243; width=&#8221;90%&#8221; max_width=&#8221;1170px&#8221; custom_padding=&#8221;||20px||false|false&#8221; custom_padding_tablet=&#8221;||0px||false|false&#8221; custom_padding_phone=&#8221;&#8221; locked=&#8221;off&#8221; global_colors_info=&#8221;{}&#8221;][et_pb_column type=&#8221;4_4&#8243; _builder_version=&#8221;4.16&#8243; global_colors_info=&#8221;{}&#8221;][et_pb_cta title=&#8221;Personuppgiftspolicy&#8221; admin_label=&#8221;Executive Coaching Homepage &#8211; Prodcasts &#8211; Call To Action&#8221; _builder_version=&#8221;4.18.0&#8243; header_font=&#8221;Montserrat||||||||&#8221; header_text_color=&#8221;#000000&#8243; header_font_size=&#8221;38px&#8221; header_line_height=&#8221;120%&#8221; body_font=&#8221;Lato||||||||&#8221; body_text_color=&#8221;#9b9b9b&#8221; body_line_height=&#8221;164%&#8221; use_background_color=&#8221;off&#8221; max_width=&#8221;900px&#8221; module_alignment=&#8221;center&#8221; hover_enabled=&#8221;0&#8243; header_font_size_tablet=&#8221;30px&#8221; header_font_size_phone=&#8221;24px&#8221; header_font_size_last_edited=&#8221;on|phone&#8221; custom_css_promo_title=&#8221;font-weight: 400;||    padding-bottom: 20px;&#8221; global_colors_info=&#8221;{}&#8221; text_orientation=&#8221;left&#8221; sticky_enabled=&#8221;0&#8243;]<\/p>\n<p><em><\/em>Enckell Advokatbyr\u00e5 \u00e4r m\u00e5n om den personliga integriteten och att skydda de personuppgifter som byr\u00e5n behandlar. V\u00e5r behandling av personuppgifter sker d\u00e4rf\u00f6r alltid p\u00e5 ett korrekt s\u00e4tt och i enlighet med g\u00e4llande lagar och f\u00f6reskrifter.<\/p>\n<p>Nedan informerar vi dig om vem som \u00e4r personuppgiftsansvarig f\u00f6r behandlingen av personuppgifter som r\u00f6r dig, vilka typer av personuppgifter vi kan komma att behandla och f\u00f6r vilka \u00e4ndam\u00e5l och p\u00e5 vilka r\u00e4ttsliga grunder, hur de samlas in, med vem de kan komma att delas och hur l\u00e4nge de kan komma att lagras.<br \/>I denna policy informerar vi dig ocks\u00e5 om vilka anknytande r\u00e4ttigheter du har och hur du kan kontakta oss med exempelvis fr\u00e5gor kring v\u00e5r personuppgiftsbehandling.<\/p>\n<p><strong>I denna policy har vi delat in v\u00e5r personuppgiftsbehandling under var och en av rubrikerna:<\/strong><\/p>\n<ul>\n<li>Personuppgifter med anknytning till uppdrag\u00a0(punkten 1)<\/li>\n<li>Personuppgifter om arbetss\u00f6kande (punkten 2)<\/li>\n<li>Personuppgifter om kontaktperson hos klient, leverant\u00f6r eller samarbetspartner\u00a0(punkten 3)<\/li>\n<li>Personuppgifter med anknytning till seminarium, event, nyhetsbrev eller annat utskick\u00a0(punkten 4)<\/li>\n<li>Personuppgifter om webbplatsbes\u00f6kare\u00a0(punkten 5)<\/li>\n<li>Personuppgifter om annan person\u00a0(punkten 6)<\/li>\n<\/ul>\n<p>&nbsp;<\/p>\n<ol>\n<li><strong> Personuppgifter med anknytning till uppdrag<\/strong><\/li>\n<\/ol>\n<p>N\u00e4r du eller n\u00e5gon annan anlitar Byr\u00e5n f\u00f6r ett uppdrag kan vi komma att samla in, spara och p\u00e5 andra s\u00e4tt behandla personuppgifter som r\u00f6r dig i enlighet med denna punkt 1.<\/p>\n<p><strong><em>Vem \u00e4r personuppgiftsansvarig?<\/em><\/strong>\u00a0Enckell Advokatbyr\u00e5 med organisationsnummer, 556909-1167 \u00e4r personuppgiftsansvarig f\u00f6r den behandling som med anknytning till uppdraget utf\u00f6rs av medarbetare vid kontoret.<\/p>\n<p><strong><em>Vilka personuppgifter kan komma att behandlas<\/em><\/strong><em>?<\/em>\u00a0De personuppgifter vi kan komma att behandla utg\u00f6rs av:<br \/><strong>(a) F\u00f6r klient som \u00e4r fysisk person<\/strong>: Namn, personnummer (eller annan information om f\u00f6delsedata), kontaktuppgifter (som adress, e-postadress och telefonnummer), kopia av pass eller annan identitetshandling, uppdragsben\u00e4mning, uppgift om vad uppdraget avser och syftar till, uppgift om varifr\u00e5n de tillg\u00e5ngar som kommer att anv\u00e4ndas i uppdraget kommer, uppgift om klienten eller n\u00e4rst\u00e5ende eller k\u00e4nd medarbetare till denne \u00e4r person i politisk utsatt st\u00e4llning och namn och yrke\/position f\u00f6r s\u00e5dan politiskt utsatt person samt uppgift om v\u00e5r fakturering, betalningshistorik och betalningsp\u00e5minnelser till\/med klienten.<\/p>\n<p><strong>(b)\u00a0<em>F\u00f6r klient som \u00e4r juridisk person<\/em><\/strong><em>:\u00a0<\/em>Namn, personnummer (eller annan information om f\u00f6delsedata), titel, arbetsgivare, kontaktuppgifter (som adress, e-postadress och telefonnummer) och kopia av pass eller annan identitetshandling f\u00f6r kontaktperson respektive verklig huvudman f\u00f6r klienten, uppgifter i registreringsbevis eller liknande f\u00f6r klienten samt uppgift om s\u00e5dan verklig huvudman eller n\u00e4rst\u00e5ende eller k\u00e4nd medarbetare till denne \u00e4r person i politisk utsatt st\u00e4llning och namn och yrke\/position f\u00f6r s\u00e5dan politiskt utsatt person.<\/p>\n<p><strong>(c)\u00a0<em>F\u00f6r motpart som \u00e4r fysisk person<\/em><\/strong><em>:<\/em>\u00a0Namn, personnummer (eller annan information om f\u00f6delsedata), kontaktuppgifter (som adress, e-postadress och telefonnummer) samt uppdragsben\u00e4mning.<\/p>\n<p><strong>(d)\u00a0<em>F\u00f6r motpart som \u00e4r juridisk person<\/em><\/strong><em>:<\/em>\u00a0Namn, titel, arbetsgivare och kontaktuppgifter (som adress, e-postadress och telefonnummer) f\u00f6r kontaktperson hos motparten.<\/p>\n<p><strong>(e)\u00a0<em>F\u00f6r andra personer som f\u00f6rekommer i uppdraget<\/em><\/strong>\u00a0(t.ex. motpartsombud, skiljem\u00e4n, f\u00f6r uppdraget anlitade andra konsulter samt vittnen): Namn, titel, arbetsgivare och kontaktuppgifter (som adress, e-postadress och telefonnummer).<\/p>\n<p><strong>(f) Enstaka uppgift om att klient, kontaktperson eller verklig huvudman f\u00f6r klient eller n\u00e5gon de agerar f\u00f6r i uppdraget har f\u00e4llts f\u00f6r brott<\/strong>, haft n\u00e4ringsf\u00f6rbud eller flera konkurser bakom sig, haft d\u00e5lig publicitet som g\u00e4ller aff\u00e4rsf\u00f6rh\u00e5llanden eller p\u00e5 annat s\u00e4tt kan antas vara oseri\u00f6s, eller enstaka uppgift om att uppdraget utg\u00f6r, eller misst\u00e4nks utg\u00f6ra, led i penningtv\u00e4tt eller annan brottslig g\u00e4rning.<\/p>\n<p><strong>(g) Andra personuppgifter \u00e4n enligt (a)\u2013(f) ovan<\/strong> som uppdraget, utifr\u00e5n dess natur, aktualiserar.<\/p>\n<p>I \u00f6vrigt behandlar vi inga k\u00e4nsliga personuppgifter.<\/p>\n<p><strong><em>Hur samlas personuppgifterna in?<\/em><\/strong>\u00a0Personuppgifterna l\u00e4mnas till oss av, eller p\u00e5 uppdrag av, dig, klienten, motpart, motpartsombud eller annan person som f\u00f6rekommer i uppdraget eller inh\u00e4mtas av oss fr\u00e5n s\u00e5dana personer eller fr\u00e5n privata eller offentliga register eller k\u00e4llor. Personuppgifter enligt (f) ovan samlar vi inte in aktivt och bara i den begr\u00e4nsade utstr\u00e4ckning det \u00e4r n\u00f6dv\u00e4ndigt f\u00f6r \u00e4ndam\u00e5let.<\/p>\n<p><em>F\u00f6r vilka \u00e4ndam\u00e5l och p\u00e5 vilka r\u00e4ttsliga grunder kan personuppgifterna komma att behandlas?<\/em><\/p>\n<ul>\n<li>Personuppgifterna kan komma att behandlas f\u00f6r \u00e4ndam\u00e5len att m\u00f6jligg\u00f6ra och g\u00f6ra erforderliga j\u00e4vskontroller, att utv\u00e4rdera och besluta om vi kan \u00e5ta oss eller beh\u00f6ver avtr\u00e4da uppdraget samt att fullg\u00f6ra v\u00e5ra legala, regulatoriska och risk management-f\u00f6rpliktelser i \u00f6vrigt. Behandlingen sker p\u00e5 basis av v\u00e5rt ber\u00e4ttigade intresse av en effektiv och korrekt s\u00e5dan kontroll och utv\u00e4rdering och ett effektivt och korrekt s\u00e5dant beslutsunderlag respektive av att det \u00e4r n\u00f6dv\u00e4ndigt f\u00f6r att fullg\u00f6ra v\u00e5ra f\u00f6rpliktelser enligt lagen om \u00e5tg\u00e4rder mot penningtv\u00e4tt och terrorism, EU:s marknadsmissbruksf\u00f6rordning, andra till\u00e4mpliga lagar samt Advokatsamfundets regelverk.<\/li>\n<li>Personuppgifterna kan komma att behandlas f\u00f6r \u00e4ndam\u00e5len att m\u00f6jligg\u00f6ra och g\u00f6ra fakturering, redovisning av uppdraget och arvode och kundfordringsindrivning samt att i \u00f6vrigt tillvarata v\u00e5ra r\u00e4ttigheter med anknytning till uppdraget. Behandlingen sker p\u00e5 basis av v\u00e5rt (och klientens) ber\u00e4ttigade intresse av en effektiv och korrekt fakturering, uppdrags- och arvodesredovisning och kundfordringsindrivning respektive av att det \u00e4r n\u00f6dv\u00e4ndigt f\u00f6r att fastst\u00e4lla, g\u00f6ra g\u00e4llande eller f\u00f6rsvara v\u00e5ra r\u00e4ttsliga anspr\u00e5k.<\/li>\n<li>Personuppgifterna kan komma att behandlas f\u00f6r \u00e4ndam\u00e5let att utf\u00f6ra uppdraget p\u00e5 b\u00e4sta s\u00e4tt och agera i klientens b\u00e4sta intresse. Behandlingen sker p\u00e5 basis av v\u00e5rt och klientens ber\u00e4ttigade intresse av en effektiv och korrekt kommunikation och m\u00f6ten med i uppdraget f\u00f6rekommande personer, en effektiv och korrekt dokumentation, administration, handl\u00e4ggning i \u00f6vrigt samt utv\u00e4rdering av uppdraget respektive av att det \u00e4r n\u00f6dv\u00e4ndigt f\u00f6r att fastst\u00e4lla, g\u00f6ra g\u00e4llande eller f\u00f6rsvara klientens r\u00e4ttsliga anspr\u00e5k.<\/li>\n<li>Personuppgifterna kan komma att behandlas f\u00f6r \u00e4ndam\u00e5len intern statistik och analys samt utveckling av v\u00e5r verksamhet. Behandlingen sker p\u00e5 basis av v\u00e5rt ber\u00e4ttigade intresse av att f\u00f6lja och utveckla verksamheten.<\/li>\n<li>\u00a0Trots det sagda kan personuppgifter enligt punkten (f) ovan komma att behandlas endast f\u00f6r \u00e4ndam\u00e5len att utv\u00e4rdera och besluta om vi kan \u00e5ta oss eller beh\u00f6ver avtr\u00e4da uppdraget respektive att fullg\u00f6ra v\u00e5ra legala f\u00f6rpliktelser. Behandlingen sker p\u00e5 basis av att, och endast i den begr\u00e4nsade omfattning, det \u00e4r n\u00f6dv\u00e4ndigt f\u00f6r att fullg\u00f6ra v\u00e5ra f\u00f6rpliktelser enligt lagen om \u00e5tg\u00e4rder mot penningtv\u00e4tt och terrorism.<\/li>\n<\/ul>\n<p>&nbsp;<\/p>\n<p><strong><em>Med vem kan personuppgifterna komma att delas<\/em><\/strong><em>?\u00a0<\/em>Personuppgifterna omfattas av advokatsekretess och v\u00e5r tystnads- och diskretionsplikt, och kan endast komma att delas med de begr\u00e4nsningar som f\u00f6ljer av Advokatsamfundets regelverk, och kommer inte att l\u00e4mnas ut till utomst\u00e5ende annat \u00e4n i f\u00f6ljande fall (och d\u00e5 med iakttagande av Advokatsamfundets regelverk):<\/p>\n<ul>\n<li>Personuppgifter kan komma att l\u00e4mnas ut till klientens f\u00f6rs\u00e4kringsgivare (r\u00e4ttsskyddsf\u00f6rs\u00e4kring), motpart, motpartsombud, skiljen\u00e4mnd, domstol, myndighet, bank, annan med anknytning till uppdraget engagerad konsult eller liknande person i den utstr\u00e4ckning det \u00e4r n\u00f6dv\u00e4ndigt f\u00f6r att tillvarata klientens intressen och inte strider mot klientens instruktioner.<\/li>\n<li>Personuppgifter kan komma att l\u00e4mnas ut till klientens revisor eller annan person i enlighet med klientens instruktioner.<\/li>\n<li>Personuppgifter kan komma att l\u00e4mnas ut till Finanspolisen n\u00e4r och i den utstr\u00e4ckning vi \u00e4r skyldiga att g\u00f6ra det enligt lagen om \u00e5tg\u00e4rder mot penningtv\u00e4tt och terrorism.<\/li>\n<li>Personuppgifter kan, n\u00e4r vi har klientmedel f\u00f6r klienten hos banken, komma att l\u00e4mnas ut till v\u00e5r bank n\u00e4r banken beg\u00e4r upplysning om klienten och verklig huvudman och v\u00e5r dokumentation kring detta enligt lagen om \u00e5tg\u00e4rder mot penningtv\u00e4tt och terrorism, f\u00f6rutsatt att klienten som ett villkor f\u00f6r anv\u00e4ndandet av v\u00e5rt klientmedelskonto har samtyckt till att s\u00e5dant utl\u00e4mnande f\u00e5r ske.<\/li>\n<li>Personuppgifter kan komma att l\u00e4mnas ut till Advokatsamfundet n\u00e4r och i den utstr\u00e4ckning vi \u00e4r skyldiga att g\u00f6ra det enligt Advokatsamfundets regelverk.<\/li>\n<li>Personuppgifter kan komma att l\u00e4mnas ut till myndighet eller annan n\u00e4r och i den utstr\u00e4ckning vi \u00e4r skyldiga att g\u00f6ra det enligt till\u00e4mplig lag.<\/li>\n<li>Personuppgifter kan komma att l\u00e4mnas ut till v\u00e5r ansvarsf\u00f6rs\u00e4kringsgivare, v\u00e5r revisor, v\u00e5r m\u00e4klare av ansvarsf\u00f6rs\u00e4kring, ombud vi eller s\u00e5dan ansvarsf\u00f6rs\u00e4kringsgivare anlitat, Kronofogden, inkassof\u00f6retag, domstol, skiljen\u00e4mnd eller v\u00e5r motpart eller dess ombud i den utstr\u00e4ckning det \u00e4r n\u00f6dv\u00e4ndigt f\u00f6r att tillvarata v\u00e5ra r\u00e4ttsliga intressen.<\/li>\n<\/ul>\n<p>&nbsp;<\/p>\n<p>Som huvudregel \u00f6verf\u00f6rs inga personuppgifter utanf\u00f6r EU\/ EES. S\u00e5 kan dock komma att ske n\u00e4r det i det enskilda fallet \u00e4r n\u00f6dv\u00e4ndigt f\u00f6r \u00e4ndam\u00e5let med behandlingen (t.ex. f\u00f6r att p\u00e5 uppdrag av klienten instruera ombud i annat land utanf\u00f6r EU\/EES); i s\u00e5dant fall kommer vi att tillse att \u00f6verf\u00f6ringen omfattas av l\u00e4mpliga skydds\u00e5tg\u00e4rder i enlighet med EU:s dataskyddsf\u00f6rordning. S\u00e5dana l\u00e4mpliga skydds\u00e5tg\u00e4rder kan exempelvis utg\u00f6ras av att mottagarlandet har en adekvat skyddsniv\u00e5 eller s\u00e4kerst\u00e4llas via EU-godk\u00e4nda standardavtalsklausuler. Om du vill ha information om \u00f6verf\u00f6ringen ska du l\u00e4mna in en skriftlig beg\u00e4ran till oss via de kontaktuppgifter som anges i punkten 10.<\/p>\n<p><strong><em>Hur l\u00e4nge lagras personuppgifterna?<\/em><\/strong><em>\u00a0<\/em>Personuppgifterna lagras under den tid vi enligt Advokatsamfundets regelverk \u00e4r skyldiga att bevara akten f\u00f6r uppdraget. Trots det sagda kan vi \u00e4ven d\u00e4refter komma att lagra namn, personnummer (eller motsvarande uppgift) och uppdragsben\u00e4mning f\u00f6r fysisk person som \u00e4r klient eller motpart f\u00f6r att m\u00f6jligg\u00f6ra erforderliga j\u00e4vskontroller i enlighet med Advokatsamfundets regelverk. Se \u00e4ven under punkterna 3 och 6 om vissa uppgifter som r\u00f6r kontaktpersoner m.fl.<\/p>\n<p>&nbsp;<\/p>\n<ol start=\"2\">\n<li><strong> Personuppgifter om arbetss\u00f6kande<\/strong><\/li>\n<\/ol>\n<p>N\u00e4r du s\u00f6ker jobb eller p\u00e5 annat s\u00e4tt anm\u00e4ler intresse f\u00f6r ett jobb hos oss kan vi komma att samla in, spara och p\u00e5 andra s\u00e4tt behandla personuppgifter som r\u00f6r dig i enlighet med denna punkt 2.<\/p>\n<p><strong><em>Vem \u00e4r personuppgiftsansvarig?<\/em><\/strong>\u00a0Enckell advokatbyr\u00e5 \u00e4r personuppgiftsansvarig f\u00f6r den behandling som med anledning av jobbans\u00f6kan eller intresseanm\u00e4lan om jobb vid kontoret utf\u00f6rs av medarbetare vid kontoret.<\/p>\n<p><strong><em>Vilka personuppgifter kan komma att behandlas?<\/em>\u00a0<\/strong>De personuppgifter som vi kan komma att behandla utg\u00f6rs av namn och kontaktuppgifter (adress, telefonnummer och e-postadress), personnummer (eller annan information om f\u00f6delsedata), k\u00f6n, s\u00f6kt tj\u00e4nst och tj\u00e4nst av intresse, information i personligt brev, CV samt ingivna meriter och \u00f6vriga handlingar, information l\u00e4mnad av referenser, anteckningar och summeringar fr\u00e5n intervjuer och samtal under rekryteringsf\u00f6rfarandet.<\/p>\n<p><strong><em>Hur kan personuppgifterna komma att samlas in?<\/em><\/strong>\u00a0Personuppgifterna l\u00e4mnas till oss av, eller p\u00e5 uppdrag av, dig genom e-post eller p\u00e5 annat s\u00e4tt respektive samlas in fr\u00e5n angivna referenser och fr\u00e5n privata eller offentliga register och andra k\u00e4llor.<\/p>\n<p><strong><em>F\u00f6r vilka \u00e4ndam\u00e5l och p\u00e5 vilka r\u00e4ttsliga grunder kan personuppgifterna komma att behandlas?<\/em><\/strong><em>\u00a0<\/em>Personuppgifterna behandlas f\u00f6r \u00e4ndam\u00e5let att genomf\u00f6ra rekryteringsf\u00f6rfarandet. Behandlingen sker p\u00e5 basis av v\u00e5rt ber\u00e4ttigade intresse av en effektiv och korrekt rekrytering. Om du samtyckt till att vi f\u00e5r behandla uppgifterna f\u00f6r framtida rekryteringar, behandlas uppgifterna f\u00f6r det \u00e4ndam\u00e5let p\u00e5 basis av s\u00e5dant samtycke.<\/p>\n<p><strong><em>Med vem kan personuppgifterna komma att delas?<\/em><\/strong>\u00a0Personuppgifterna kan komma att l\u00e4mnas ut till eventuell rekryteringskonsult eller annan tj\u00e4nsteleverant\u00f6r anlitad i samband med rekryteringsf\u00f6rfarandet. Inga personuppgifter \u00f6verf\u00f6rs utanf\u00f6r EU\/ EES.<\/p>\n<p><strong><em>Hur l\u00e4nge lagras personuppgifterna?<\/em><\/strong><em>\u00a0<\/em>Personuppgifterna kan komma att lagras under den tid rekryteringsf\u00f6rfarandet p\u00e5g\u00e5r, varefter uppgifterna raderas. Om du samtyckt till att vi f\u00e5r behandla uppgifterna f\u00f6r framtida rekryteringar, kan uppgifterna i st\u00e4llet komma att bevaras i tv\u00e5 \u00e5r efter l\u00e4mnat samtycke (eller tills samtycket dessf\u00f6rinnan \u00e5terkallas), varefter de raderas. Trots det sagda kan vi komma att lagra uppgifterna s\u00e5 l\u00e4nge en arbetss\u00f6kande som inte anst\u00e4llts kan vidta r\u00e4ttliga \u00e5tg\u00e4rder i anledning av rekryteringsf\u00f6rfarandet.<\/p>\n<p>&nbsp;<\/p>\n<ol start=\"3\">\n<li><strong> Personuppgifter om kontaktperson hos klient, leverant\u00f6r eller samarbetspartner<\/strong><\/li>\n<\/ol>\n<p>Om du \u00e4r, eller \u00e4r kontaktperson hos, klient, leverant\u00f6r eller samarbetspartner till oss kan vi komma att samla in, spara och p\u00e5 andra s\u00e4tt behandla personuppgifter som r\u00f6r dig i enlighet med denna punkt 3.<\/p>\n<p><strong><em>Vem \u00e4r personuppgiftsansvarig?<\/em><\/strong>\u00a0Enckell Advokatbyr\u00e5 \u00e4r personuppgiftsansvarig f\u00f6r den behandling som utf\u00f6rs av medarbetare vid kontoret r\u00f6rande sina klient-, leverant\u00f6rs- och samarbetspartnersrelationer.<\/p>\n<p><strong><em>Vilka personuppgifter kan komma att behandlas?<\/em><\/strong>\u00a0Namn, titel, arbetsgivare, kontaktuppgifter (som adress, e-postadress och telefonnummer), uppgift om din\/dina kontaktpersoner hos oss, uppgift om angivna intresseomr\u00e5den f\u00f6r nyhetsbrev och andra utskick, uppgift om deltagande i v\u00e5ra seminarier och events samt anteckningar och sammanfattningar fr\u00e5n m\u00f6ten vi haft med dig (f\u00f6rutom inom ramen f\u00f6r ett uppdrag). Inom ramen f\u00f6r ett uppdrag kan ytterligare personuppgifter komma att behandlas i enlighet med punkten 1.<\/p>\n<p><strong><em>Hur samlas personuppgifterna in?<\/em><\/strong>\u00a0Personuppgifterna l\u00e4mnas till eller inh\u00e4mtas av oss inom ramen f\u00f6r ett uppdrag i enlighet med punkten 1 eller l\u00e4mnas annars till oss av, eller p\u00e5 uppdrag av, dig, klienten, leverant\u00f6ren, samarbetspartnern eller n\u00e5gon som f\u00f6rmedlar kontakten oss emellan eller inh\u00e4mtas av oss fr\u00e5n s\u00e5dana personer eller fr\u00e5n privata eller offentliga register eller andra k\u00e4llor.<\/p>\n<p><strong><em>F\u00f6r vilka \u00e4ndam\u00e5l och p\u00e5 vilka r\u00e4ttsliga grunder kan personuppgifterna komma att behandlas?<\/em><\/strong><\/p>\n<ul>\n<li>Personuppgifterna kan komma att behandlas i enlighet med punkten 1.<\/li>\n<li>Personuppgifterna kan komma att behandlas f\u00f6r \u00e4ndam\u00e5let att administrera relationen med klienten\/leverant\u00f6ren\/samarbetspartnern. Behandlingen sker p\u00e5 basis av v\u00e5rt ber\u00e4ttigade intresse att administrera relationerna med v\u00e5ra klienter, leverant\u00f6rer och samarbetspartners.<\/li>\n<li>Personuppgifterna kan komma att behandlas f\u00f6r \u00e4ndam\u00e5len att, genom dig, vidmakth\u00e5lla och utveckla relationen med klienten\/leverant\u00f6ren\/samarbetspartnern och, om du inte motsatt dig det, marknadsf\u00f6ra v\u00e5ra tj\u00e4nster (t.ex. genom inbjudningar till seminarier och event och tillst\u00e4llande av nyhetsbrev och andra utskick). Behandlingen sker p\u00e5 basis av v\u00e5rt ber\u00e4ttigade intresse att vidmakth\u00e5lla och utveckla relationerna med v\u00e5ra klienter, leverant\u00f6rer och samarbetspartners respektive av att marknadsf\u00f6ra v\u00e5ra tj\u00e4nster.<\/li>\n<li>Om du samtyckt d\u00e4rtill kan dina personuppgifter komma att behandlas f\u00f6r \u00e4ndam\u00e5let att anv\u00e4nda dig som referens f\u00f6r annan klient\/leverant\u00f6r\/samarbetspartner eller potentiell klient\/leverant\u00f6r\/samarbetspartner (t.ex. i samband med offentlig upphandling). Behandlingen sker p\u00e5 basis av s\u00e5dant samtycke.<\/li>\n<\/ul>\n<p>&nbsp;<\/p>\n<p><strong><em>Med vem kan personuppgifterna komma att delas?<\/em><\/strong>\u00a0Personuppgifterna kan omfattas av advokatsekretess och v\u00e5r tystnadsplikt och delas, med de begr\u00e4nsningar som f\u00f6ljer av Advokatsamfundets regelverk,\u00a0 men kommer inte att l\u00e4mnas ut till utomst\u00e5ende annat \u00e4n i f\u00f6ljande fall (och d\u00e5 med iakttagande av Advokatsamfundets regelverk):<\/p>\n<ul>\n<li>Personuppgifter kan komma att l\u00e4mnas ut i enlighet med punkten 1.<\/li>\n<li>Personuppgifter kan komma att l\u00e4mnas ut till klient, leverant\u00f6r eller samarbetspartner eller potentiell klient, leverant\u00f6r eller samarbetspartner som efterfr\u00e5gar referens om oss.<\/li>\n<li>Personuppgifter kan komma att l\u00e4mnas ut till anlitad tj\u00e4nsteleverant\u00f6r f\u00f6r genomf\u00f6rande av bransch- eller marknadsunders\u00f6kning.<\/li>\n<\/ul>\n<p>&nbsp;<\/p>\n<p>Som huvudregel \u00f6verf\u00f6rs inga personuppgifter utanf\u00f6r EU\/ EES. S\u00e5 kan dock komma att ske n\u00e4r det i det enskilda fallet \u00e4r n\u00f6dv\u00e4ndigt f\u00f6r \u00e4ndam\u00e5let med behandlingen; i s\u00e5dant fall kommer vi att tillse att \u00f6verf\u00f6ringen omfattas av l\u00e4mpliga skydds\u00e5tg\u00e4rder i enlighet med EU:s dataskyddsf\u00f6rordning. S\u00e5dana l\u00e4mpliga skydds\u00e5tg\u00e4rder kan exempelvis utg\u00f6ras av att mottagarlandet har en adekvat skyddsniv\u00e5 eller s\u00e4kerst\u00e4llas via EU-godk\u00e4nda standardavtalsklausuler. Om du vill ha information om \u00f6verf\u00f6ringen ska du l\u00e4mna in en skriftlig beg\u00e4ran till oss via de kontaktuppgifter som anges i punkten 10.<\/p>\n<p><strong><em>Hur l\u00e4nge lagras personuppgifterna?<\/em><\/strong>\u00a0I den del uppgifterna \u00e4r del av ett uppdrag lagras de i enlighet med punkten 1. H\u00e4rut\u00f6ver kan personuppgifterna komma att lagras s\u00e5 l\u00e4nge som klient-\/leverant\u00f6rs-\/samarbetspartsrelationen f\u00f6religger och raderas inom tre m\u00e5nader efter att klient-\/leverant\u00f6rs-\/samarbetspartsrelationen sagts upp av oss eller klienten\/leverant\u00f6ren\/samarbetspartnern eller efter det att vi f\u00e5tt besked om att din st\u00e4llning som kontaktperson f\u00f6r klienten\/leverant\u00f6ren\/samarbetspartnern upph\u00f6rt. Trots det sagda kan personuppgifter utg\u00f6randes av namn, titel, arbetsgivare, kontaktuppgifter (som adress, e-postadress och telefonnummer) och uppgift om angivna intresseomr\u00e5den f\u00f6r nyhetsbrev och andra utskick komma att lagras \u00e4ven d\u00e4refter f\u00f6r att behandlas f\u00f6r marknadsf\u00f6rings\u00e4ndam\u00e5l, tills du mots\u00e4tter dig det, varvid de raderas. Dina personuppgifter kommer dock alltid att sparas i den utstr\u00e4ckning och under den tid som vi \u00e4r skyldiga till det enligt lag, t.ex. i enlighet med bokf\u00f6ringslagen.<\/p>\n<p>&nbsp;<\/p>\n<ol start=\"4\">\n<li><strong> Personuppgifter med anknytning till seminarium, event, nyhetsbrev eller annat utskick<\/strong><\/li>\n<\/ol>\n<p>N\u00e4r du genom v\u00e5r webbplats, v\u00e5ra sociala media eller p\u00e5 annat s\u00e4tt anm\u00e4ler intresse f\u00f6r v\u00e5ra seminarier, event, nyhetsbrev och andra utskick eller anm\u00e4ler dig till n\u00e5got av v\u00e5ra seminarier eller event kommer vi samla in, spara och p\u00e5 andra s\u00e4tt behandla personuppgifter som r\u00f6r dig i enlighet med denna punkt 4.<\/p>\n<p><strong><em>Vem \u00e4r personuppgiftsansvarig?<\/em><\/strong>\u00a0Enckell Advokatbyr\u00e5 \u00e4r personuppgiftsansvarig f\u00f6r den behandling som utf\u00f6rs av medarbetare vid kontoret r\u00f6rande utskick av nyhetsbrev eller inbjudningar etc. eller r\u00f6rande anm\u00e4lningar till seminarium och event.<\/p>\n<p><strong><em>Vilka personuppgifter kan komma att behandlas?<\/em>\u00a0<\/strong>De personuppgifter som vi kan komma att behandla utg\u00f6rs av namn, titel, arbetsgivare, kontaktuppgifter (adress, telefonnummer och e-postadress), uppgifter om angivna intresseomr\u00e5den f\u00f6r utskick och om \u00f6nskat deltagande i seminarium eller event samt, om det g\u00e4ller ett seminarium eller event med mat, s\u00e4rskilda matpreferenser.<\/p>\n<p><strong><em>Hur samlas personuppgifterna in?<\/em><\/strong>\u00a0Personuppgifterna l\u00e4mnas till oss av, eller p\u00e5 uppdrag av, dig genom v\u00e5r webbplats, v\u00e5ra sociala media, v\u00e5r inbox f\u00f6r elektronisk post eller p\u00e5 annat s\u00e4tt.<\/p>\n<p><strong><em>F\u00f6r vilka \u00e4ndam\u00e5l och p\u00e5 vilka r\u00e4ttsliga grunder kan personuppgifterna komma att behandlas?<\/em><\/strong><\/p>\n<ul>\n<li>Personuppgifterna kan komma att behandlas f\u00f6r \u00e4ndam\u00e5let att administrera utskick av inbjudningar till seminarium och event och av nyhetsbrev och andra utskick till dig. Behandlingen sker p\u00e5 basis av v\u00e5rt ber\u00e4ttigade intresse av att administrera utskick till dig i enlighet med dina angivna \u00f6nskem\u00e5l.<\/li>\n<li>Personuppgifterna kan komma att behandlas f\u00f6r \u00e4ndam\u00e5let att administrera (inklusive att vid behov ordna anpassad kost) genomf\u00f6randet av seminarium eller event med dig som deltagare. Behandlingen sker p\u00e5 basis av v\u00e5rt ber\u00e4ttigade intresse av att administrera genomf\u00f6randet av seminariet eller eventet med dig som deltagare i enlighet med dina angivna \u00f6nskem\u00e5l.<\/li>\n<\/ul>\n<p>&nbsp;<\/p>\n<p><strong><em>Med vem kan personuppgifterna komma att delas?<\/em><\/strong>\u00a0Personuppgifterna delas som huvudregel inte med n\u00e5gon utomst\u00e5ende, f\u00f6rutom genom namnbricka du kan erbjudas b\u00e4ra under seminarium eller event eller deltagarf\u00f6rteckning till deltagarna i seminariet eller eventet. Personuppgifterna kan komma att delas med v\u00e5r revisor vid utf\u00f6randet av internrevision. Inga personuppgifter \u00f6verf\u00f6rs utanf\u00f6r EU\/ EES.<\/p>\n<p><strong><em>Hur l\u00e4nge lagras personuppgifterna?<\/em><\/strong>\u00a0Personuppgifterna komma att lagras tills dess du avregistrerar dig f\u00f6r v\u00e5ra seminarier, event, nyhetsbrev och andra utskick, varvid de raderas.<\/p>\n<p>&nbsp;<\/p>\n<ol start=\"5\">\n<li><strong> Personuppgifter om webbplatsbes\u00f6kare<\/strong><\/li>\n<\/ol>\n<p>N\u00e4r du anv\u00e4nder v\u00e5r webbplats kan vi komma att (ut\u00f6ver de personuppgifter du kan komma att l\u00e4mna via v\u00e5r webbplats, eller genom att anm\u00e4la intresse f\u00f6r seminarium, event, nyhetsbrev eller andra utskick eller anm\u00e4ler dig till n\u00e5got av v\u00e5ra seminarier eller event, vilket redog\u00f6rs f\u00f6r under punkten 4) samla in, spara och p\u00e5 andra s\u00e4tt behandla personuppgifter som r\u00f6r dig i enlighet med denna punkt 5.<\/p>\n<p><strong><em>Vem \u00e4r personuppgiftsansvarig<\/em><\/strong><em>?<\/em>\u00a0Enckell Advokatbyr\u00e5 \u00e4r personuppgiftsansvarig f\u00f6r den behandling ang\u00e5ende webbplatsbes\u00f6kande som utf\u00f6rs av medarbetare vid kontoret.<\/p>\n<p><strong><em>Vilka personuppgifter kan komma att behandlas?<\/em><\/strong>\u00a0De uppgifter som vi kan komma att behandla utg\u00f6rs av IP-adress, e-postadress, bes\u00f6kta sidor, tidpunkt och varaktighet f\u00f6r bes\u00f6k samt cookies (som \u00e4r en textfil som lagras p\u00e5 datorn hos den som bes\u00f6ker en webbplats) och liknande uppgifter som skapas av anv\u00e4nda cookies, dock att inga s\u00e5dana uppgifter knyts till specifik person.<\/p>\n<p><strong><em>Hur samlas personuppgifterna in?<\/em><\/strong>\u00a0Personuppgifterna samlas in och skapas av genom din anv\u00e4ndning av v\u00e5r webbplats. I\u00a0Byr\u00e5ns cookiepolicy\u00a0informeras du n\u00e4rmare om vilka cookies och vilka uppgifter det \u00e4r fr\u00e5ga om. Som anges i v\u00e5r cookiepolicy kan du st\u00e4lla in webbl\u00e4saren s\u00e5 att cookies inte sparas eller beg\u00e4ra bekr\u00e4ftelse innan en cookie lagras. P\u00e5 detta s\u00e4tt kan du sj\u00e4lv avg\u00f6ra om du vill acceptera eller avvisa varje enskild cookie. N\u00e4r du bes\u00f6ker v\u00e5r webbplats f\u00e5r du via ett popup-f\u00f6nster m\u00f6jlighet att godk\u00e4nna eller st\u00e4nga av cookies vid ditt bes\u00f6k p\u00e5 webbplatsen; n\u00e4r du d\u00e4r godk\u00e4nner cookies samtycker du i enlighet med v\u00e5r cookiepolicy till v\u00e5r anv\u00e4ndning av cookies i enlighet med den policyn.<\/p>\n<p><strong><em>F\u00f6r vilka \u00e4ndam\u00e5l och p\u00e5 vilka r\u00e4ttsliga grunder kan personuppgifterna komma att behandlas?<\/em><\/strong>\u00a0Personuppgifterna kan komma att behandlas f\u00f6r \u00e4ndam\u00e5len att ge dig som bes\u00f6kare av en smidig anv\u00e4ndning med relevant inneh\u00e5ll och utveckla webbplatsen. Behandlingen sker p\u00e5 basis av ditt ovan n\u00e4mnda samtycke och av v\u00e5rt ber\u00e4ttigade intresse av att utveckla den.<\/p>\n<p><strong><em>Med vem kan personuppgifterna komma att delas?<\/em><br \/><\/strong>Personuppgifterna delas inte med n\u00e5gon utomst\u00e5ende.<\/p>\n<p><strong><em>Hur l\u00e4nge lagras personuppgifterna?<\/em><\/strong>\u00a0Hur l\u00e4nge personuppgifterna lagras beror p\u00e5 genom vilken cookieuppgifterna samlats in; fr\u00e5n att bara sparas s\u00e5 l\u00e4nge du har webbl\u00e4saren \u00f6ppen (sk. sessionscookie) till h\u00f6gst 3 m\u00e5nader enligt vad som n\u00e4rmare anges f\u00f6r respektive cookie i Byr\u00e5ns cookiepolicy.<\/p>\n<p>&nbsp;<\/p>\n<ol start=\"6\">\n<li><strong> Personuppgifter om annan person<\/strong><\/li>\n<\/ol>\n<p>Om du \u00e4r, eller \u00e4r kontaktperson hos, potentiell klient, leverant\u00f6r eller samarbetspartner kan vi komma att samla in, spara och p\u00e5 andra s\u00e4tt behandla personuppgifter som r\u00f6r dig i enlighet med denna punkt 6.<\/p>\n<p><strong><em>Vem \u00e4r personuppgiftsansvarig?<\/em>\u00a0<\/strong>Enckell Advokatbyr\u00e5 \u00e4r personuppgiftsansvarig f\u00f6r den behandling som utf\u00f6rs av medarbetare vid kontoret r\u00f6rande sina potentiella klient-, leverant\u00f6rs- och samarbetspartnersrelationer.<\/p>\n<p><strong><em>Vilka personuppgifter kan komma att behandlas?<\/em><\/strong>\u00a0Namn, titel, arbetsgivare, kontaktuppgifter (som adress, e-postadress och telefonnummer), uppgift om din\/dina kontaktpersoner hos oss, uppgift om angivna intresseomr\u00e5den f\u00f6r nyhetsbrev och andra utskick, uppgift om deltagande i v\u00e5ra seminarier och events samt anteckningar och sammanfattningar fr\u00e5n m\u00f6ten vi haft med dig (f\u00f6rutom inom ramen f\u00f6r ett uppdrag). Vi behandlar inga k\u00e4nsliga personuppgifter f\u00f6rutom eventuella matallergier (dvs. uppgift som avsl\u00f6jar ras eller etniskt ursprung, politiska \u00e5sikter, religi\u00f6s eller filosofisk \u00f6vertygelse eller medlemskap i fackf\u00f6rening eller som r\u00f6r h\u00e4lsa eller sexualliv). Inom ramen f\u00f6r ett uppdrag kan ytterligare personuppgifter komma att behandlas i enlighet med punkten 1.<\/p>\n<p><strong><em>Hur samlas personuppgifterna in?<\/em><\/strong>\u00a0Personuppgifterna l\u00e4mnas till eller inh\u00e4mtas av oss inom ramen f\u00f6r ett uppdrag i enlighet med punkten 1 eller l\u00e4mnas annars till oss av, eller p\u00e5 uppdrag av, dig, klient, leverant\u00f6r, samarbetspartner, potentiell klient, leverant\u00f6r eller samarbetspartner eller n\u00e5gon som f\u00f6rmedlar kontakten oss emellan eller inh\u00e4mtas av oss fr\u00e5n s\u00e5dana personer eller fr\u00e5n privata eller offentliga register eller andra k\u00e4llor.<\/p>\n<p><strong><em>F\u00f6r vilka \u00e4ndam\u00e5l och p\u00e5 vilka r\u00e4ttsliga grunder kan personuppgifterna komma att behandlas?<\/em><\/strong><\/p>\n<ul>\n<li>Personuppgifterna kan komma att behandlas i enlighet med punkten 1.<\/li>\n<li>Personuppgifterna kan komma att behandlas f\u00f6r \u00e4ndam\u00e5len att, genom dig, etablera, vidmakth\u00e5lla och utveckla relationen med dig som potentiell klient\/leverant\u00f6r\/samarbetspartner eller med potentiell klient\/leverant\u00f6r\/ samarbetspartner du \u00e4r kontaktperson hos och, om du inte motsatt dig det, marknadsf\u00f6ra v\u00e5ra tj\u00e4nster (t.ex. genom inbjudningar till seminarier och event och tillst\u00e4llande av nyhetsbrev och andra utskick). Behandlingen sker p\u00e5 basis av v\u00e5rt ber\u00e4ttigade intresse att etablera, vidmakth\u00e5lla och utveckla relationerna med potentiella klienter, leverant\u00f6rer och samarbetspartners respektive av att marknadsf\u00f6ra v\u00e5ra tj\u00e4nster.<\/li>\n<\/ul>\n<p>&nbsp;<\/p>\n<p><strong><em>Med vem kan personuppgifterna komma att delas?<\/em><\/strong>\u00a0 Personuppgifterna \u00f6verf\u00f6rs inte utanf\u00f6r EU\/EES. De kan komma att delas med v\u00e5r revisor vid utf\u00f6randet av revision.<\/p>\n<p><strong><em>Hur l\u00e4nge lagras personuppgifterna?<\/em><\/strong>\u00a0I den del uppgifterna \u00e4r del av ett uppdrag lagras de i enlighet med punkten 1. H\u00e4rut\u00f6ver kan personuppgifterna komma att lagras tills du mots\u00e4tter dig det, varvid de raderas.<\/p>\n<p>&nbsp;<\/p>\n<ol start=\"7\">\n<li><strong> Vilka r\u00e4ttigheter har du?<\/strong><\/li>\n<\/ol>\n<p>Du har r\u00e4tt att p\u00e5 din beg\u00e4ran kostnadsfritt f\u00e5 information fr\u00e5n oss om anv\u00e4ndningen av personuppgifter som r\u00f6r dig.<\/p>\n<p>Du har r\u00e4tt att f\u00e5 felaktiga personuppgifter som r\u00f6r dig r\u00e4ttade av oss utan on\u00f6digt dr\u00f6jsm\u00e5l. Du har \u00e4ven med beaktande av \u00e4ndam\u00e5let med behandlingen r\u00e4tt att i vissa fall komplettera ofullst\u00e4ndiga personuppgifter.<\/p>\n<p>Du har r\u00e4tt att under vissa omst\u00e4ndigheter f\u00e5 personuppgifter som r\u00f6r dig raderade av oss, t.ex. om personuppgifterna inte l\u00e4ngre \u00e4r n\u00f6dv\u00e4ndiga f\u00f6r att uppfylla de \u00e4ndam\u00e5l f\u00f6r vilka de samlades in, eller om personuppgifterna behandlats p\u00e5 ett olagligt s\u00e4tt.<\/p>\n<p>Du har r\u00e4tt att kr\u00e4va att vi i vissa fall begr\u00e4nsar behandlingen av personuppgifter som r\u00f6r dig. Om du t.ex. bestrider personuppgifternas korrekthet kan du kr\u00e4va att vi begr\u00e4nsar behandlingen av dem under den tid det tar f\u00f6r oss att kontrollera om uppgifterna \u00e4r korrekta.<\/p>\n<p>Du har r\u00e4tt att g\u00f6ra inv\u00e4ndningar mot v\u00e5r behandling av personuppgifter som r\u00f6r dig som sker p\u00e5 basis av v\u00e5rt ber\u00e4ttigande intresse. Om s\u00e5 sker m\u00e5ste vi p\u00e5visa tvingande ber\u00e4ttigade sk\u00e4l som v\u00e4ger tyngre \u00e4n dina intressen, r\u00e4ttigheter och friheter f\u00f6r att f\u00e5 forts\u00e4tta behandlingen.<\/p>\n<p>Du har r\u00e4tt att inv\u00e4nda mot v\u00e5r behandling av personuppgifter som r\u00f6r dig i den m\u00e5n behandlingen sker f\u00f6r direktmarknadsf\u00f6ring. Vid en s\u00e5dan inv\u00e4ndning kommer vi inte l\u00e4ngre att behandla dina personuppgifter f\u00f6r det \u00e4ndam\u00e5let.<\/p>\n<p>Du har r\u00e4tt att n\u00e4r som helst \u00e5terkalla ett l\u00e4mnat samtycke om behandling av personuppgifter. S\u00e5dan \u00e5terkallelse kan begr\u00e4nsas till att endast avse del av behandlingen.<\/p>\n<p>Du har r\u00e4tt att under vissa omst\u00e4ndigheter f\u00e5 ut de personuppgifter som du l\u00e4mnat till oss och som r\u00f6r dig i ett elektroniskt format som \u00e4r allm\u00e4nt anv\u00e4nt. Du har r\u00e4tt att \u00f6verf\u00f6ra s\u00e5dana uppgifter till en annan personuppgiftsansvarig (dataportabilitet).<\/p>\n<p>Om du har synpunkter p\u00e5 v\u00e5r behandling av personuppgifter som r\u00f6r dig \u00e4r du v\u00e4lkommen att kontakta oss. Du har ocks\u00e5 r\u00e4tt att l\u00e4mna in ett klagom\u00e5l till Integritetsskyddsmyndigheten, som \u00e4r tillsynsmyndighet i Sverige.<\/p>\n<p>&nbsp;<\/p>\n<ol start=\"8\">\n<li><strong> Till\u00e4gg och \u00e4ndringar<\/strong><\/li>\n<\/ol>\n<p>Vi kan komma att g\u00f6ra till\u00e4gg till eller \u00e4ndringar i denna policy. Om vi g\u00f6r det kommer vi publicera den uppdaterade policy p\u00e5 v\u00e5r webbplats och h\u00e4nvisa till den i v\u00e5ra e-mail och i v\u00e5ra utskick. Om s\u00e5 sker ber vi dig att noggrant l\u00e4sa igenom den uppdaterade policyn.<\/p>\n<p>&nbsp;<\/p>\n<ol start=\"10\">\n<li><strong> Hur kan du kontakta oss?<\/strong><\/li>\n<\/ol>\n<p>Kontakta oss p\u00e5\u00a0<a href=\"mailto:integritet@enckelladvokatbyra.se\">integritet@enckelladvokatbyra.se<\/a>\u00a0eller p\u00e5 adress Enckell Advokatbyr\u00e5 AB, S\u00f6dergatan 28, 211 34 Malm\u00f6, om du har fr\u00e5gor r\u00f6rande denna policy eller v\u00e5r personuppgiftsbehandling eller annars vill utnyttja de r\u00e4ttigheter som tillkommer dig i anledning av v\u00e5r personuppgiftsbehandling.<\/p>\n<p>________________________________________________________________________________<\/p>\n<p>&nbsp;<\/p>\n<p><em>\u00a0Denna policy omfattar inte v\u00e5r behandling av personuppgifter som r\u00f6r v\u00e5ra medarbetare.<\/em><\/p>\n<p><em>\u00a0Reviderad 2022-05-04.<\/em><\/p>\n<p>[\/et_pb_cta][\/et_pb_column][\/et_pb_row][\/et_pb_section][et_pb_section fb_built=&#8221;1&#8243; admin_label=&#8221;Footer&#8221; _builder_version=&#8221;4.16&#8243; background_enable_color=&#8221;off&#8221; use_background_color_gradient=&#8221;on&#8221; background_color_gradient_stops=&#8221;#000000 0%|rgba(0,0,0,0.68) 100%&#8221; background_color_gradient_overlays_image=&#8221;on&#8221; background_color_gradient_start=&#8221;#000000&#8243; background_color_gradient_end=&#8221;rgba(0,0,0,0.68)&#8221; background_image=&#8221;http:\/\/testsajt14.hemsidemallar.eu\/wp-content\/uploads\/2021\/03\/toa-heftiba-FV3GConVSss-unsplash-scaled.jpg&#8221; custom_padding=&#8221;0px||12px|||&#8221; background_color_gradient_stops_tablet=&#8221;#000000 0%|rgba(0,0,0,0.68) 100%&#8221; background_color_gradient_stops_phone=&#8221;#000000 0%|rgba(0,0,0,0.68) 100%&#8221; global_module=&#8221;207241&#8243; saved_tabs=&#8221;all&#8221; locked=&#8221;off&#8221; global_colors_info=&#8221;{}&#8221;][et_pb_row column_structure=&#8221;1_2,1_2&#8243; custom_padding_last_edited=&#8221;on|tablet&#8221; admin_label=&#8221;v\u00e4lkommen text intill kontaktformul\u00e4r&#8221; _builder_version=&#8221;4.16&#8243; background_enable_color=&#8221;off&#8221; background_size=&#8221;initial&#8221; background_position=&#8221;top_left&#8221; background_repeat=&#8221;repeat&#8221; width=&#8221;90%&#8221; max_width=&#8221;1175px&#8221; custom_padding=&#8221;53px||22px||false|false&#8221; custom_padding_tablet=&#8221;60px||90px||false|false&#8221; custom_padding_phone=&#8221;&#8221; custom_css_before=&#8221; &#8221; use_custom_width=&#8221;on&#8221; custom_width_px=&#8221;1175px&#8221; global_colors_info=&#8221;{}&#8221;][et_pb_column type=&#8221;1_2&#8243; _builder_version=&#8221;4.16&#8243; custom_padding=&#8221;|||&#8221; global_colors_info=&#8221;{}&#8221; custom_padding__hover=&#8221;|||&#8221;][\/et_pb_column][et_pb_column type=&#8221;1_2&#8243; _builder_version=&#8221;4.16&#8243; custom_padding=&#8221;|||&#8221; custom_css_main_element=&#8221; margin-bottom: 0 !important;&#8221; global_colors_info=&#8221;{}&#8221; custom_padding__hover=&#8221;|||&#8221;][\/et_pb_column][\/et_pb_row][\/et_pb_section][et_pb_section fb_built=&#8221;1&#8243; _builder_version=&#8221;4.9.2&#8243; _module_preset=&#8221;default&#8221; min_height=&#8221;343px&#8221; custom_padding=&#8221;7px||7px|||&#8221; global_module=&#8221;207235&#8243; saved_tabs=&#8221;all&#8221; global_colors_info=&#8221;{}&#8221;][et_pb_row column_structure=&#8221;1_6,1_6,1_6,1_2&#8243; use_custom_gutter=&#8221;on&#8221; custom_padding_last_edited=&#8221;on|tablet&#8221; admin_label=&#8221;Executive Coaching Homepage &#8211; Footer &#8211; Row&#8221; _builder_version=&#8221;4.16&#8243; width=&#8221;90%&#8221; max_width=&#8221;1175px&#8221; custom_padding=&#8221;59px||12px||false|false&#8221; custom_padding_tablet=&#8221;40px||40px||false|false&#8221; custom_padding_phone=&#8221;40px||40px|&#8221; use_custom_width=&#8221;on&#8221; custom_width_px=&#8221;1175px&#8221; custom_width_percent=&#8221;1175px&#8221; global_colors_info=&#8221;{}&#8221;][et_pb_column type=&#8221;1_6&#8243; _builder_version=&#8221;4.16&#8243; background_position=&#8221;top_left&#8221; custom_padding=&#8221;|||&#8221; custom_css_main_element=&#8221; margin-bottom: 0;&#8221; global_colors_info=&#8221;{}&#8221; custom_padding__hover=&#8221;|||&#8221;][et_pb_cta title=&#8221;Adress&#8221; admin_label=&#8221;Executive Coaching Homepage &#8211; Footer &#8211; Services&#8221; module_class=&#8221;footer_menu&#8221; _builder_version=&#8221;4.16&#8243; header_font=&#8221;Montserrat||||||||&#8221; header_text_align=&#8221;left&#8221; header_text_color=&#8221;#141414&#8243; header_font_size=&#8221;22px&#8221; header_line_height=&#8221;120%&#8221; body_font=&#8221;Lato||||||||&#8221; body_text_align=&#8221;left&#8221; body_text_color=&#8221;#9b9b9b&#8221; body_font_size=&#8221;15px&#8221; body_line_height=&#8221;120%&#8221; body_ul_type=&#8221;none&#8221; body_link_text_color=&#8221;#9b9b9b&#8221; use_background_color=&#8221;off&#8221; text_orientation=&#8221;left&#8221; custom_padding=&#8221;|||&#8221; custom_padding_last_edited=&#8221;off|desktop&#8221; header_text_align_tablet=&#8221;&#8221; header_text_align_phone=&#8221;center&#8221; header_text_align_last_edited=&#8221;on|phone&#8221; header_font_size_tablet=&#8221;22&#8243; header_font_size_phone=&#8221;20&#8243; header_font_size_last_edited=&#8221;on|phone&#8221; body_text_align_tablet=&#8221;&#8221; body_text_align_phone=&#8221;center&#8221; body_text_align_last_edited=&#8221;on|phone&#8221; text_orientation_tablet=&#8221;&#8221; text_orientation_phone=&#8221;center&#8221; text_orientation_last_edited=&#8221;on|phone&#8221; custom_css_promo_description=&#8221; padding-bottom: 0 !important;||font-weight: 400;&#8221; custom_css_promo_title=&#8221;padding-bottom: 18px;||font-weight: 400;&#8221; global_colors_info=&#8221;{}&#8221; button_text_size__hover_enabled=&#8221;off&#8221; button_one_text_size__hover_enabled=&#8221;off&#8221; button_two_text_size__hover_enabled=&#8221;off&#8221; button_text_color__hover_enabled=&#8221;off&#8221; button_one_text_color__hover_enabled=&#8221;off&#8221; button_two_text_color__hover_enabled=&#8221;off&#8221; button_border_width__hover_enabled=&#8221;off&#8221; button_one_border_width__hover_enabled=&#8221;off&#8221; button_two_border_width__hover_enabled=&#8221;off&#8221; button_border_color__hover_enabled=&#8221;off&#8221; button_one_border_color__hover_enabled=&#8221;off&#8221; button_two_border_color__hover_enabled=&#8221;off&#8221; button_border_radius__hover_enabled=&#8221;off&#8221; button_one_border_radius__hover_enabled=&#8221;off&#8221; button_two_border_radius__hover_enabled=&#8221;off&#8221; button_letter_spacing__hover_enabled=&#8221;off&#8221; button_one_letter_spacing__hover_enabled=&#8221;off&#8221; button_two_letter_spacing__hover_enabled=&#8221;off&#8221; button_bg_color__hover_enabled=&#8221;off&#8221; button_one_bg_color__hover_enabled=&#8221;off&#8221; button_two_bg_color__hover_enabled=&#8221;off&#8221; body_link_text_color__hover_enabled=&#8221;on|hover&#8221; body_link_text_color__hover=&#8221;rgba(155,155,155,0.5)&#8221;]<\/p>\n<p><span>Enckell<br \/>Advokatbyr\u00e5 AB<\/span><br \/><span><br \/>S\u00f6dergatan 28<br \/>211 34 Malm\u00f6<\/span><\/p>\n<p>[\/et_pb_cta][\/et_pb_column][et_pb_column type=&#8221;1_6&#8243; _builder_version=&#8221;4.16&#8243; background_position=&#8221;top_left&#8221; custom_padding=&#8221;|||&#8221; global_colors_info=&#8221;{}&#8221; custom_padding__hover=&#8221;|||&#8221;][et_pb_cta title=&#8221;Kontakta oss&#8221; admin_label=&#8221;Executive Coaching Homepage &#8211; Footer &#8211; Services&#8221; module_class=&#8221;footer_menu&#8221; _builder_version=&#8221;4.16&#8243; header_font=&#8221;Montserrat||||||||&#8221; header_text_align=&#8221;left&#8221; header_text_color=&#8221;#141414&#8243; header_font_size=&#8221;22px&#8221; header_line_height=&#8221;120%&#8221; body_font=&#8221;Lato||||||||&#8221; body_text_align=&#8221;left&#8221; body_text_color=&#8221;#9b9b9b&#8221; body_font_size=&#8221;15px&#8221; body_line_height=&#8221;120%&#8221; body_ul_type=&#8221;none&#8221; body_link_text_color=&#8221;#9b9b9b&#8221; use_background_color=&#8221;off&#8221; text_orientation=&#8221;left&#8221; custom_margin=&#8221;|-59px|||false|false&#8221; custom_margin_tablet=&#8221;&#8221; custom_margin_phone=&#8221;|0px|||false|false&#8221; custom_margin_last_edited=&#8221;on|phone&#8221; custom_padding=&#8221;|||&#8221; custom_padding_last_edited=&#8221;off|desktop&#8221; header_text_align_tablet=&#8221;&#8221; header_text_align_phone=&#8221;center&#8221; header_text_align_last_edited=&#8221;on|phone&#8221; header_font_size_tablet=&#8221;22&#8243; header_font_size_phone=&#8221;20&#8243; header_font_size_last_edited=&#8221;on|phone&#8221; body_text_align_tablet=&#8221;&#8221; body_text_align_phone=&#8221;center&#8221; body_text_align_last_edited=&#8221;on|phone&#8221; custom_css_promo_description=&#8221; padding-bottom: 0 !important;||font-weight: 400;&#8221; custom_css_promo_title=&#8221;padding-bottom: 18px;||font-weight: 400;&#8221; locked=&#8221;off&#8221; global_colors_info=&#8221;{}&#8221; button_text_size__hover_enabled=&#8221;off&#8221; button_one_text_size__hover_enabled=&#8221;off&#8221; button_two_text_size__hover_enabled=&#8221;off&#8221; button_text_color__hover_enabled=&#8221;off&#8221; button_one_text_color__hover_enabled=&#8221;off&#8221; button_two_text_color__hover_enabled=&#8221;off&#8221; button_border_width__hover_enabled=&#8221;off&#8221; button_one_border_width__hover_enabled=&#8221;off&#8221; button_two_border_width__hover_enabled=&#8221;off&#8221; button_border_color__hover_enabled=&#8221;off&#8221; button_one_border_color__hover_enabled=&#8221;off&#8221; button_two_border_color__hover_enabled=&#8221;off&#8221; button_border_radius__hover_enabled=&#8221;off&#8221; button_one_border_radius__hover_enabled=&#8221;off&#8221; button_two_border_radius__hover_enabled=&#8221;off&#8221; button_letter_spacing__hover_enabled=&#8221;off&#8221; button_one_letter_spacing__hover_enabled=&#8221;off&#8221; button_two_letter_spacing__hover_enabled=&#8221;off&#8221; button_bg_color__hover_enabled=&#8221;off&#8221; button_one_bg_color__hover_enabled=&#8221;off&#8221; button_two_bg_color__hover_enabled=&#8221;off&#8221; body_link_text_color__hover_enabled=&#8221;on|hover&#8221; body_link_text_color__hover=&#8221;rgba(155,155,155,0.5)&#8221;]<\/p>\n<p><span>E-post:<br \/><\/span><span id=\"e42190206\"><a href=\"mailto:info@enckelladvokatbyra.se\">info@enckelladvokatbyra.se<\/a><\/span><br \/><span><\/span><\/p>\n<p><span>Tel:<br \/><\/span><a href=\"tel:0760315559\">076-031 55 59<\/a><\/p>\n<p>[\/et_pb_cta][\/et_pb_column][et_pb_column type=&#8221;1_6&#8243; _builder_version=&#8221;4.16&#8243; background_position=&#8221;top_left&#8221; custom_padding=&#8221;||||false|false&#8221; custom_padding_phone=&#8221;|||0px&#8221; custom_padding_last_edited=&#8221;off|desktop&#8221; global_colors_info=&#8221;{}&#8221; custom_padding__hover=&#8221;|||&#8221;][et_pb_cta title=&#8221;Tj\u00e4nster&#8221; admin_label=&#8221;Executive Coaching Homepage &#8211; Footer &#8211; Services&#8221; module_class=&#8221;footer_menu&#8221; _builder_version=&#8221;4.16&#8243; header_font=&#8221;Montserrat||||||||&#8221; header_text_align=&#8221;left&#8221; header_text_color=&#8221;#141414&#8243; header_font_size=&#8221;22px&#8221; header_line_height=&#8221;120%&#8221; body_font=&#8221;Lato||||||||&#8221; body_text_align=&#8221;left&#8221; body_text_color=&#8221;#9b9b9b&#8221; body_font_size=&#8221;15px&#8221; body_line_height=&#8221;120%&#8221; body_ul_type=&#8221;none&#8221; body_link_text_color=&#8221;#9b9b9b&#8221; use_background_color=&#8221;off&#8221; text_orientation=&#8221;left&#8221; custom_margin=&#8221;|||20px|false|false&#8221; custom_margin_tablet=&#8221;&#8221; custom_margin_phone=&#8221;|||0px|false|false&#8221; custom_margin_last_edited=&#8221;on|phone&#8221; custom_padding=&#8221;|||&#8221; custom_padding_last_edited=&#8221;off|desktop&#8221; header_text_align_tablet=&#8221;&#8221; header_text_align_phone=&#8221;center&#8221; header_text_align_last_edited=&#8221;on|phone&#8221; header_font_size_tablet=&#8221;22&#8243; header_font_size_phone=&#8221;20&#8243; header_font_size_last_edited=&#8221;on|phone&#8221; body_text_align_tablet=&#8221;&#8221; body_text_align_phone=&#8221;center&#8221; body_text_align_last_edited=&#8221;on|phone&#8221; custom_css_promo_description=&#8221; padding-bottom: 0 !important;||font-weight: 400;&#8221; custom_css_promo_title=&#8221;padding-bottom: 18px;||font-weight: 400;&#8221; locked=&#8221;off&#8221; global_colors_info=&#8221;{}&#8221; button_text_size__hover_enabled=&#8221;off&#8221; button_one_text_size__hover_enabled=&#8221;off&#8221; button_two_text_size__hover_enabled=&#8221;off&#8221; button_text_color__hover_enabled=&#8221;off&#8221; button_one_text_color__hover_enabled=&#8221;off&#8221; button_two_text_color__hover_enabled=&#8221;off&#8221; button_border_width__hover_enabled=&#8221;off&#8221; button_one_border_width__hover_enabled=&#8221;off&#8221; button_two_border_width__hover_enabled=&#8221;off&#8221; button_border_color__hover_enabled=&#8221;off&#8221; button_one_border_color__hover_enabled=&#8221;off&#8221; button_two_border_color__hover_enabled=&#8221;off&#8221; button_border_radius__hover_enabled=&#8221;off&#8221; button_one_border_radius__hover_enabled=&#8221;off&#8221; button_two_border_radius__hover_enabled=&#8221;off&#8221; button_letter_spacing__hover_enabled=&#8221;off&#8221; button_one_letter_spacing__hover_enabled=&#8221;off&#8221; button_two_letter_spacing__hover_enabled=&#8221;off&#8221; button_bg_color__hover_enabled=&#8221;off&#8221; button_one_bg_color__hover_enabled=&#8221;off&#8221; button_two_bg_color__hover_enabled=&#8221;off&#8221; body_link_text_color__hover_enabled=&#8221;on|hover&#8221; body_link_text_color__hover=&#8221;rgba(155,155,155,0.5)&#8221;]<\/p>\n<ul>\n<li>Idrott<\/li>\n<li>CRS &amp; N\u00e4tverk<\/li>\n<li>Personer<\/li>\n<li>Byr\u00e5n<\/li>\n<\/ul>\n<p>[\/et_pb_cta][\/et_pb_column][et_pb_column type=&#8221;1_2&#8243; _builder_version=&#8221;4.16&#8243; background_position=&#8221;top_left&#8221; custom_padding=&#8221;|||&#8221; global_colors_info=&#8221;{}&#8221; custom_padding__hover=&#8221;|||&#8221;][et_pb_social_media_follow url_new_window=&#8221;off&#8221; icon_color=&#8221;#141414&#8243; admin_label=&#8221;Executive Coaching Homepage &#8211; Footer &#8211; Social Media Follow&#8221; _builder_version=&#8221;4.16&#8243; background_color=&#8221;#ffffff&#8221; text_orientation=&#8221;right&#8221; background_layout=&#8221;dark&#8221; custom_margin=&#8221;-10px|||&#8221; custom_padding=&#8221;|||&#8221; text_orientation_tablet=&#8221;&#8221; text_orientation_phone=&#8221;center&#8221; text_orientation_last_edited=&#8221;on|phone&#8221; global_colors_info=&#8221;{}&#8221;][et_pb_social_media_follow_network social_network=&#8221;linkedin&#8221; use_icon_font_size=&#8221;on&#8221; icon_font_size=&#8221;37px&#8221; _builder_version=&#8221;4.16&#8243; background_color=&#8221;#ffffff&#8221; global_colors_info=&#8221;{}&#8221; follow_button=&#8221;off&#8221; url_new_window=&#8221;off&#8221;]linkedin[\/et_pb_social_media_follow_network][\/et_pb_social_media_follow][\/et_pb_column][\/et_pb_row][et_pb_row column_structure=&#8221;1_2,1_2&#8243; use_custom_gutter=&#8221;on&#8221; gutter_width=&#8221;2&#8243; admin_label=&#8221;Row &#8211; Ps SubsExecutive Coaching Homepage &#8211; Footer &#8211; Rowcribe Footer&#8221; _builder_version=&#8221;4.16&#8243; width=&#8221;90%&#8221; max_width=&#8221;1175px&#8221; custom_padding=&#8221;22px||11px|||&#8221; use_custom_width=&#8221;on&#8221; custom_width_px=&#8221;1175px&#8221; custom_width_percent=&#8221;1175px&#8221; global_colors_info=&#8221;{}&#8221;][et_pb_column type=&#8221;1_2&#8243; _builder_version=&#8221;4.16&#8243; background_position=&#8221;top_left&#8221; custom_padding=&#8221;|||&#8221; custom_css_main_element=&#8221;margin-bottom: 0 !important;&#8221; global_colors_info=&#8221;{}&#8221; custom_padding__hover=&#8221;|||&#8221;][et_pb_text admin_label=&#8221;Executive Coaching Homepage &#8211; Footer &#8211; Copyright Website  | Privacy Policy | Disclaimer | Site Map&#8221; _builder_version=&#8221;4.16&#8243; text_font=&#8221;Lato||||||||&#8221; text_text_color=&#8221;#9b9b9b&#8221; text_line_height=&#8221;120%&#8221; module_alignment=&#8221;center&#8221; custom_margin_tablet=&#8221;||5px||false|false&#8221; custom_margin_phone=&#8221;&#8221; custom_margin_last_edited=&#8221;on|tablet&#8221; custom_padding=&#8221;|||4px&#8221; text_orientation_tablet=&#8221;center&#8221; text_orientation_phone=&#8221;center&#8221; text_orientation_last_edited=&#8221;on|tablet&#8221; custom_css_main_element=&#8221;font-weight: 400;&#8221; global_colors_info=&#8221;{}&#8221;]<\/p>\n<p>Designf\u00f6rslag till Enckell Advokatbyr\u00e5 \u00a9<\/p>\n<p>[\/et_pb_text][\/et_pb_column][et_pb_column type=&#8221;1_2&#8243; _builder_version=&#8221;4.16&#8243; background_position=&#8221;top_left&#8221; custom_padding=&#8221;|||&#8221; global_colors_info=&#8221;{}&#8221; custom_padding__hover=&#8221;|||&#8221;][et_pb_text admin_label=&#8221;Executive Coaching Homepage &#8211; Footer &#8211; Text&#8221; _builder_version=&#8221;4.16&#8243; text_font=&#8221;Lato||||||||&#8221; text_text_color=&#8221;#9b9b9b&#8221; text_line_height=&#8221;120%&#8221; link_text_color=&#8221;#9b9b9b&#8221; text_orientation=&#8221;right&#8221; text_orientation_tablet=&#8221;center&#8221; text_orientation_phone=&#8221;&#8221; text_orientation_last_edited=&#8221;on|tablet&#8221; custom_css_main_element=&#8221;    font-weight: 400;&#8221; locked=&#8221;off&#8221; global_colors_info=&#8221;{}&#8221; link_text_color__hover_enabled=&#8221;on|hover&#8221; link_text_color__hover=&#8221;rgba(155,155,155,0.5)&#8221;]<\/p>\n<p>Design av WebbDesignFabriken<\/p>\n<p>[\/et_pb_text][\/et_pb_column][\/et_pb_row][\/et_pb_section]<\/p>\n","protected":false},"excerpt":{"rendered":"<p>REAL ESTATE M &amp; AEnckell Advokatbyr\u00e5 \u00e4r m\u00e5n om den personliga integriteten och att skydda de personuppgifter som byr\u00e5n behandlar. V\u00e5r behandling av personuppgifter sker d\u00e4rf\u00f6r alltid p\u00e5 ett korrekt s\u00e4tt och i enlighet med g\u00e4llande lagar och f\u00f6reskrifter. Nedan informerar vi dig om vem som \u00e4r personuppgiftsansvarig f\u00f6r behandlingen av personuppgifter som r\u00f6r dig, [&hellip;]<\/p>\n","protected":false},"author":1,"featured_media":0,"parent":0,"menu_order":0,"comment_status":"closed","ping_status":"closed","template":"","meta":{"_et_pb_use_builder":"on","_et_pb_old_content":"","_et_gb_content_width":"","footnotes":""},"difl_page_category":[],"class_list":["post-207385","page","type-page","status-publish","hentry"],"yoast_head":"<!-- This site is optimized with the Yoast SEO plugin v27.5 - https:\/\/yoast.com\/product\/yoast-seo-wordpress\/ -->\n<title>GDPR - Enckell Advokatbyr\u00e5 Malm\u00f6<\/title>\n<meta name=\"robots\" content=\"index, follow, max-snippet:-1, max-image-preview:large, max-video-preview:-1\" \/>\n<link rel=\"canonical\" href=\"https:\/\/enckelladvokatbyra.se\/en\/gdpr\/\" \/>\n<meta property=\"og:locale\" content=\"en_GB\" \/>\n<meta property=\"og:type\" content=\"article\" \/>\n<meta property=\"og:title\" content=\"GDPR - Enckell Advokatbyr\u00e5 Malm\u00f6\" \/>\n<meta property=\"og:description\" content=\"REAL ESTATE M &amp; AEnckell Advokatbyr\u00e5 \u00e4r m\u00e5n om den personliga integriteten och att skydda de personuppgifter som byr\u00e5n behandlar. V\u00e5r behandling av personuppgifter sker d\u00e4rf\u00f6r alltid p\u00e5 ett korrekt s\u00e4tt och i enlighet med g\u00e4llande lagar och f\u00f6reskrifter. Nedan informerar vi dig om vem som \u00e4r personuppgiftsansvarig f\u00f6r behandlingen av personuppgifter som r\u00f6r dig, [&hellip;]\" \/>\n<meta property=\"og:url\" content=\"https:\/\/enckelladvokatbyra.se\/en\/gdpr\/\" \/>\n<meta property=\"og:site_name\" content=\"Enckell Advokatbyr\u00e5 Malm\u00f6\" \/>\n<meta name=\"twitter:card\" content=\"summary_large_image\" \/>\n<meta name=\"twitter:label1\" content=\"Estimated reading time\" \/>\n\t<meta name=\"twitter:data1\" content=\"35 minutes\" \/>\n<script type=\"application\/ld+json\" class=\"yoast-schema-graph\">{\"@context\":\"https:\\\/\\\/schema.org\",\"@graph\":[{\"@type\":\"WebPage\",\"@id\":\"https:\\\/\\\/enckelladvokatbyra.se\\\/gdpr\\\/\",\"url\":\"https:\\\/\\\/enckelladvokatbyra.se\\\/gdpr\\\/\",\"name\":\"GDPR - Enckell Advokatbyr\u00e5 Malm\u00f6\",\"isPartOf\":{\"@id\":\"https:\\\/\\\/enckelladvokatbyra.se\\\/#website\"},\"datePublished\":\"2022-10-19T18:39:05+00:00\",\"breadcrumb\":{\"@id\":\"https:\\\/\\\/enckelladvokatbyra.se\\\/gdpr\\\/#breadcrumb\"},\"inLanguage\":\"en-GB\",\"potentialAction\":[{\"@type\":\"ReadAction\",\"target\":[\"https:\\\/\\\/enckelladvokatbyra.se\\\/gdpr\\\/\"]}]},{\"@type\":\"BreadcrumbList\",\"@id\":\"https:\\\/\\\/enckelladvokatbyra.se\\\/gdpr\\\/#breadcrumb\",\"itemListElement\":[{\"@type\":\"ListItem\",\"position\":1,\"name\":\"Hem\",\"item\":\"https:\\\/\\\/enckelladvokatbyra.se\\\/\"},{\"@type\":\"ListItem\",\"position\":2,\"name\":\"GDPR\"}]},{\"@type\":\"WebSite\",\"@id\":\"https:\\\/\\\/enckelladvokatbyra.se\\\/#website\",\"url\":\"https:\\\/\\\/enckelladvokatbyra.se\\\/\",\"name\":\"Enckell Advokatbyr\u00e5 Malm\u00f6\",\"description\":\"\",\"potentialAction\":[{\"@type\":\"SearchAction\",\"target\":{\"@type\":\"EntryPoint\",\"urlTemplate\":\"https:\\\/\\\/enckelladvokatbyra.se\\\/?s={search_term_string}\"},\"query-input\":{\"@type\":\"PropertyValueSpecification\",\"valueRequired\":true,\"valueName\":\"search_term_string\"}}],\"inLanguage\":\"en-GB\"}]}<\/script>\n<!-- \/ Yoast SEO plugin. -->","yoast_head_json":{"title":"GDPR - Enckell Advokatbyr\u00e5 Malm\u00f6","robots":{"index":"index","follow":"follow","max-snippet":"max-snippet:-1","max-image-preview":"max-image-preview:large","max-video-preview":"max-video-preview:-1"},"canonical":"https:\/\/enckelladvokatbyra.se\/en\/gdpr\/","og_locale":"en_GB","og_type":"article","og_title":"GDPR - Enckell Advokatbyr\u00e5 Malm\u00f6","og_description":"REAL ESTATE M &amp; AEnckell Advokatbyr\u00e5 \u00e4r m\u00e5n om den personliga integriteten och att skydda de personuppgifter som byr\u00e5n behandlar. V\u00e5r behandling av personuppgifter sker d\u00e4rf\u00f6r alltid p\u00e5 ett korrekt s\u00e4tt och i enlighet med g\u00e4llande lagar och f\u00f6reskrifter. Nedan informerar vi dig om vem som \u00e4r personuppgiftsansvarig f\u00f6r behandlingen av personuppgifter som r\u00f6r dig, [&hellip;]","og_url":"https:\/\/enckelladvokatbyra.se\/en\/gdpr\/","og_site_name":"Enckell Advokatbyr\u00e5 Malm\u00f6","twitter_card":"summary_large_image","twitter_misc":{"Estimated reading time":"35 minutes"},"schema":{"@context":"https:\/\/schema.org","@graph":[{"@type":"WebPage","@id":"https:\/\/enckelladvokatbyra.se\/gdpr\/","url":"https:\/\/enckelladvokatbyra.se\/gdpr\/","name":"GDPR - Enckell Advokatbyr\u00e5 Malm\u00f6","isPartOf":{"@id":"https:\/\/enckelladvokatbyra.se\/#website"},"datePublished":"2022-10-19T18:39:05+00:00","breadcrumb":{"@id":"https:\/\/enckelladvokatbyra.se\/gdpr\/#breadcrumb"},"inLanguage":"en-GB","potentialAction":[{"@type":"ReadAction","target":["https:\/\/enckelladvokatbyra.se\/gdpr\/"]}]},{"@type":"BreadcrumbList","@id":"https:\/\/enckelladvokatbyra.se\/gdpr\/#breadcrumb","itemListElement":[{"@type":"ListItem","position":1,"name":"Hem","item":"https:\/\/enckelladvokatbyra.se\/"},{"@type":"ListItem","position":2,"name":"GDPR"}]},{"@type":"WebSite","@id":"https:\/\/enckelladvokatbyra.se\/#website","url":"https:\/\/enckelladvokatbyra.se\/","name":"Enckell Advokatbyr\u00e5 Malm\u00f6","description":"","potentialAction":[{"@type":"SearchAction","target":{"@type":"EntryPoint","urlTemplate":"https:\/\/enckelladvokatbyra.se\/?s={search_term_string}"},"query-input":{"@type":"PropertyValueSpecification","valueRequired":true,"valueName":"search_term_string"}}],"inLanguage":"en-GB"}]}},"_links":{"self":[{"href":"https:\/\/enckelladvokatbyra.se\/en\/wp-json\/wp\/v2\/pages\/207385","targetHints":{"allow":["GET"]}}],"collection":[{"href":"https:\/\/enckelladvokatbyra.se\/en\/wp-json\/wp\/v2\/pages"}],"about":[{"href":"https:\/\/enckelladvokatbyra.se\/en\/wp-json\/wp\/v2\/types\/page"}],"author":[{"embeddable":true,"href":"https:\/\/enckelladvokatbyra.se\/en\/wp-json\/wp\/v2\/users\/1"}],"replies":[{"embeddable":true,"href":"https:\/\/enckelladvokatbyra.se\/en\/wp-json\/wp\/v2\/comments?post=207385"}],"version-history":[{"count":0,"href":"https:\/\/enckelladvokatbyra.se\/en\/wp-json\/wp\/v2\/pages\/207385\/revisions"}],"wp:attachment":[{"href":"https:\/\/enckelladvokatbyra.se\/en\/wp-json\/wp\/v2\/media?parent=207385"}],"wp:term":[{"taxonomy":"difl_page_category","embeddable":true,"href":"https:\/\/enckelladvokatbyra.se\/en\/wp-json\/wp\/v2\/difl_page_category?post=207385"}],"curies":[{"name":"wp","href":"https:\/\/api.w.org\/{rel}","templated":true}]}}