{"id":207699,"date":"2025-11-18T13:45:26","date_gmt":"2025-11-18T13:45:26","guid":{"rendered":"https:\/\/advokat.enckelladvokatbyra.se\/?page_id=207699"},"modified":"2025-11-18T13:54:10","modified_gmt":"2025-11-18T13:54:10","slug":"behandling-av-personuppgifter","status":"publish","type":"page","link":"https:\/\/enckelladvokatbyra.se\/en\/behandling-av-personuppgifter\/","title":{"rendered":"Behandling av personuppgifter"},"content":{"rendered":"<p>[et_pb_section fb_built=&#8221;1&#8243; custom_padding_last_edited=&#8221;on|tablet&#8221; admin_label=&#8221;Header&#8221; _builder_version=&#8221;4.16&#8243; custom_padding=&#8221;20px||20px||false|false&#8221; custom_padding_tablet=&#8221;0px||0px||false|false&#8221; custom_padding_phone=&#8221;&#8221; global_colors_info=&#8221;{}&#8221;][et_pb_row admin_label=&#8221;Headerbakgrund&#8221; _builder_version=&#8221;4.16&#8243; width=&#8221;90%&#8221; max_width=&#8221;1680px&#8221; global_colors_info=&#8221;{}&#8221;][et_pb_column type=&#8221;4_4&#8243; _builder_version=&#8221;4.16&#8243; global_colors_info=&#8221;{}&#8221;][et_pb_cta title=&#8221;ENCKELL ADVOKATBYR\u00c5&#8221; button_url=&#8221;#&#8221; admin_label=&#8221;Rubriken&#8221; _builder_version=&#8221;4.27.4&#8243; header_font=&#8221;Montserrat||||||||&#8221; header_text_color=&#8221;#ffffff&#8221; header_font_size=&#8221;38px&#8221; header_line_height=&#8221;130%&#8221; body_font_size=&#8221;24px&#8221; body_line_height=&#8221;1.6em&#8221; background_enable_color=&#8221;off&#8221; use_background_color=&#8221;off&#8221; use_background_color_gradient=&#8221;on&#8221; background_color_gradient_stops=&#8221;rgba(0,0,0,0.48) 0%|rgba(0,0,0,0.46) 100%&#8221; background_color_gradient_overlays_image=&#8221;on&#8221; background_image=&#8221;https:\/\/enckelladvokatbyra.se\/wp-content\/uploads\/2022\/10\/header_advokat.jpg&#8221; custom_button=&#8221;on&#8221; button_text_size=&#8221;16px&#8221; button_text_color=&#8221;#000000&#8243; button_bg_color=&#8221;#ffffff&#8221; button_border_width=&#8221;0px&#8221; button_border_radius=&#8221;7px&#8221; button_font=&#8221;Montserrat||||||||&#8221; button_use_icon=&#8221;off&#8221; button_custom_margin=&#8221;53px||||false|false&#8221; button_custom_margin_tablet=&#8221;30px||||false|false&#8221; button_custom_margin_phone=&#8221;&#8221; button_custom_margin_last_edited=&#8221;on|tablet&#8221; button_custom_padding=&#8221;12px|45px|12px|45px|true|true&#8221; custom_padding=&#8221;109px|30px|72px|30px|false|true&#8221; custom_padding_tablet=&#8221;60px||60px||false|true&#8221; custom_padding_phone=&#8221;&#8221; custom_padding_last_edited=&#8221;on|tablet&#8221; filter_saturate=&#8221;0%&#8221; header_font_size_tablet=&#8221;30px&#8221; header_font_size_phone=&#8221;24px&#8221; header_font_size_last_edited=&#8221;on|phone&#8221; custom_css_main_element=&#8221;position: relative;&#8221; custom_css_promo_description=&#8221;    padding-bottom: 0;&#8221; custom_css_promo_title=&#8221;font-weight: 400;||    padding-bottom: 0;&#8221; border_radii=&#8221;on|7px|7px|7px|7px&#8221; global_colors_info=&#8221;{}&#8221; button_text_color__hover_enabled=&#8221;on|hover&#8221; button_text_color__hover=&#8221;#ffffff&#8221; button_bg_color__hover_enabled=&#8221;on|hover&#8221; button_bg_color__hover=&#8221;#1f1f1f&#8221; button_bg_enable_color__hover=&#8221;on&#8221;][\/et_pb_cta][\/et_pb_column][\/et_pb_row][\/et_pb_section][et_pb_section fb_built=&#8221;1&#8243; custom_padding_last_edited=&#8221;on|tablet&#8221; admin_label=&#8221;Executive Coaching Homepage &#8211; Prodcasts&#8221; module_class=&#8221;demo_executive_coach_podcasts&#8221; _builder_version=&#8221;4.16&#8243; custom_padding=&#8221;10px||84px||false|false&#8221; custom_padding_tablet=&#8221;0px||60px||false|false&#8221; custom_padding_phone=&#8221;&#8221; global_colors_info=&#8221;{}&#8221;][et_pb_row custom_padding_last_edited=&#8221;on|tablet&#8221; admin_label=&#8221;Executive Coaching Homepage &#8211; Prodcasts &#8211; Row&#8221; _builder_version=&#8221;4.16&#8243; width=&#8221;90%&#8221; max_width=&#8221;1170px&#8221; custom_padding=&#8221;||20px||false|false&#8221; custom_padding_tablet=&#8221;||0px||false|false&#8221; custom_padding_phone=&#8221;&#8221; locked=&#8221;off&#8221; global_colors_info=&#8221;{}&#8221;][et_pb_column type=&#8221;4_4&#8243; _builder_version=&#8221;4.16&#8243; global_colors_info=&#8221;{}&#8221;][et_pb_cta title=&#8221;Behandling av personuppgifter \u2013 information enligt Dataskyddsf\u00f6rordningen (2016\/679\/EG) &#8221; admin_label=&#8221;Executive Coaching Homepage &#8211; Prodcasts &#8211; Call To Action&#8221; _builder_version=&#8221;4.27.4&#8243; header_font=&#8221;Montserrat||||||||&#8221; header_text_color=&#8221;#000000&#8243; header_font_size=&#8221;38px&#8221; header_line_height=&#8221;120%&#8221; body_font=&#8221;Lato||||||||&#8221; body_text_color=&#8221;#9b9b9b&#8221; body_line_height=&#8221;164%&#8221; use_background_color=&#8221;off&#8221; max_width=&#8221;900px&#8221; module_alignment=&#8221;center&#8221; header_font_size_tablet=&#8221;30px&#8221; header_font_size_phone=&#8221;24px&#8221; header_font_size_last_edited=&#8221;on|phone&#8221; custom_css_promo_title=&#8221;font-weight: 400;||    padding-bottom: 20px;&#8221; global_colors_info=&#8221;{}&#8221;]<\/p>\n<p>Enckell Advokatbyr\u00e5 AB \u00e4r personuppgiftsansvarig f\u00f6r de personuppgifter avseende kontaktpersoner vi erh\u00e5ller i samband med uppdrag eller som annars behandlas n\u00e4r uppdraget f\u00f6rbereds eller administreras. Ni \u00e4r inte skyldiga att l\u00e4mna personuppgifter till oss men utan att det sker kan vi inte \u00e5ta oss ett uppdrag eftersom vi inte kan genomf\u00f6ra n\u00f6dv\u00e4ndig j\u00e4vs- och penningtv\u00e4ttskontroll.<\/p>\n<p>Vi behandlar uppgifterna f\u00f6r att genomf\u00f6ra obligatorisk j\u00e4vs- och (i f\u00f6rekommande fall) penningtv\u00e4ttskontroll, utf\u00f6ra och administrera uppdraget, f\u00f6r att tillvarata era intressen, f\u00f6r redovisnings- och fakturerings\u00e4ndam\u00e5l. Dessa uppgifter behandlas p\u00e5 grundval av laglig grund s\u00e5som, samtycke, avtal, r\u00e4ttslig f\u00f6rpliktelse, skydd f\u00f6r grundl\u00e4ggande intressen, uppgift av allm\u00e4nt intresse och myndighetsut\u00f6vning eller efter en intresseavv\u00e4gning (s\u00e5som vid marknadsf\u00f6ring).<\/p>\n<p>Uppgifterna kan ocks\u00e5 anv\u00e4ndas f\u00f6r aff\u00e4rs- och metodutveckling, marknadsanalys, statistik och riskhantering och i register med potentiella kunder. Uppgifterna som behandlas i syfte att utveckla och analysera verksamheten behandlas p\u00e5 grundval av v\u00e5rt ber\u00e4ttigade intresse att utveckla verksamheten och kommunicera med v\u00e5ra kontakter.<\/p>\n<p>Personuppgifter kan komma att \u00f6verf\u00f6ras mellan advokatbyr\u00e5ns olika koncern- eller systerbolag i syfte att utf\u00f6ra j\u00e4vs- och penningtv\u00e4ttkontroll, f\u00f6r informations- och kunskapsutbyte och resursallokering. Vi kommer inte att l\u00e4mna ut personuppgifter till utomst\u00e5ende annat \u00e4n i de fall d\u00e5 (i) det s\u00e4rskilt \u00f6verenskommits mellan advokatbyr\u00e5n och er, (ii) d\u00e5 det inom ramen f\u00f6r ett visst uppdrag \u00e4r n\u00f6dv\u00e4ndigt f\u00f6r att tillvarata era r\u00e4ttigheter, (iii) om det \u00e4r n\u00f6dv\u00e4ndigt f\u00f6r att vi skall fullg\u00f6ra lagstadgad skyldighet eller efterkomma myndighetsbeslut eller beslut av domstol, eller (iv) f\u00f6r det fall vi anlitar utomst\u00e5ende tj\u00e4nsteleverant\u00f6rer som utf\u00f6r uppdrag f\u00f6r v\u00e5r r\u00e4kning. Uppgifterna kan komma att l\u00e4mnas ut till domstolar, myndigheter, motparter och motpartsombud om det \u00e4r n\u00f6dv\u00e4ndigt f\u00f6r att tillvarata era r\u00e4ttigheter.\u00a0<\/p>\n<p>Personuppgifterna sparas, i enlighet med den skyldighet som \u00e5vilar Advokatbyr\u00e5n enligt V\u00e4gledande regler f\u00f6r god advokatsed, under en tid om tio \u00e5r fr\u00e5n dagen f\u00f6r \u00e4rendets slutf\u00f6rande, eller den l\u00e4ngre tid som p\u00e5kallas av \u00e4rendets natur. Uppgifter som behandlas i syfte att utveckla, analysera och marknadsf\u00f6ra advokatbyr\u00e5ns verksamhet sparas under en kortare tid. Om ni avanm\u00e4ler er fr\u00e5n nyhetsbrev eller liknande kommer uppgifterna omedelbart att raderas.<\/p>\n<p>Ni har r\u00e4tt att kostnadsfritt beg\u00e4ra information fr\u00e5n Advokatbyr\u00e5n om anv\u00e4ndningen av de personuppgifter som r\u00f6r er. Vi kommer p\u00e5 er beg\u00e4ran eller p\u00e5 eget initiativ r\u00e4tta eller radera uppgifter som \u00e4r felaktiga eller begr\u00e4nsa behandlingen av s\u00e5dana uppgifter. Ni har vidare r\u00e4tt att beg\u00e4ra att era uppgifter inte behandlas f\u00f6r direktmarknadsf\u00f6rings\u00e4ndam\u00e5l. Ni har ocks\u00e5 r\u00e4tt att f\u00e5 del av era personuppgifter i ett maskinl\u00e4sbart format. Om ni \u00e4r missn\u00f6jd med v\u00e5r behandling kan ni l\u00e4mna in ett klagom\u00e5l till en tillsynsmyndighet vilket i Sverige \u00e4r Datainspektionen (www.datainspektionen.se). Ni kan ocks\u00e5 v\u00e4nda er till tillsynsmyndigheten i det land d\u00e4r ni bor eller arbetar.<\/p>\n<p><strong>Kontakta oss p\u00e5 info@enckelladvokatbyra.se eller adress nedan om ni har n\u00e5gra fr\u00e5gor r\u00f6rande v\u00e5r personuppgiftsbehandling.\u00a0<\/strong><\/p>\n<p><strong>Personuppgiftsansvarig \u00e4r Enckell Advokatbyr\u00e5 AB, 556909-1167, Skomakaregatan 1, 211 34 Malm\u00f6, www.enckelladvokatbyra.se, info@enckelladvokatbyra.se.<\/strong><\/p>\n<p>[\/et_pb_cta][\/et_pb_column][\/et_pb_row][\/et_pb_section][et_pb_section fb_built=&#8221;1&#8243; admin_label=&#8221;Footer&#8221; _builder_version=&#8221;4.18.0&#8243; background_enable_color=&#8221;off&#8221; use_background_color_gradient=&#8221;on&#8221; background_color_gradient_stops=&#8221;#000000 0%|rgba(0,0,0,0.4) 100%&#8221; background_color_gradient_overlays_image=&#8221;on&#8221; background_color_gradient_start=&#8221;#000000&#8243; background_color_gradient_end=&#8221;rgba(0,0,0,0.68)&#8221; background_image=&#8221;https:\/\/enckelladvokatbyra.se\/wp-content\/uploads\/2025\/10\/office.jpg&#8221; custom_padding=&#8221;0px||12px|||&#8221; filter_saturate=&#8221;96%&#8221; background_color_gradient_stops_tablet=&#8221;#000000 0%|rgba(0,0,0,0.68) 100%&#8221; background_color_gradient_stops_phone=&#8221;#000000 0%|rgba(0,0,0,0.68) 100%&#8221; global_module=&#8221;207241&#8243; saved_tabs=&#8221;all&#8221; locked=&#8221;off&#8221; global_colors_info=&#8221;{}&#8221;][et_pb_row column_structure=&#8221;1_2,1_2&#8243; custom_padding_last_edited=&#8221;on|tablet&#8221; admin_label=&#8221;v\u00e4lkommen text intill kontaktformul\u00e4r&#8221; _builder_version=&#8221;4.16&#8243; _module_preset=&#8221;default&#8221; background_enable_color=&#8221;off&#8221; background_size=&#8221;initial&#8221; background_position=&#8221;top_left&#8221; background_repeat=&#8221;repeat&#8221; width=&#8221;90%&#8221; max_width=&#8221;1175px&#8221; custom_padding=&#8221;53px||22px||false|false&#8221; custom_padding_tablet=&#8221;60px||90px||false|false&#8221; custom_padding_phone=&#8221;&#8221; custom_css_before=&#8221; &#8221; use_custom_width=&#8221;on&#8221; custom_width_px=&#8221;1175px&#8221; global_colors_info=&#8221;{}&#8221;][et_pb_column type=&#8221;1_2&#8243; _builder_version=&#8221;4.16&#8243; _module_preset=&#8221;default&#8221; custom_padding=&#8221;|||&#8221; global_colors_info=&#8221;{}&#8221; custom_padding__hover=&#8221;|||&#8221;][\/et_pb_column][et_pb_column type=&#8221;1_2&#8243; _builder_version=&#8221;4.16&#8243; _module_preset=&#8221;default&#8221; custom_padding=&#8221;|||&#8221; custom_css_main_element=&#8221; margin-bottom: 0 !important;&#8221; global_colors_info=&#8221;{}&#8221; custom_padding__hover=&#8221;|||&#8221;][\/et_pb_column][\/et_pb_row][\/et_pb_section][et_pb_section fb_built=&#8221;1&#8243; _builder_version=&#8221;4.16&#8243; _module_preset=&#8221;default&#8221; min_height=&#8221;343px&#8221; custom_padding=&#8221;7px||7px|||&#8221; global_module=&#8221;207235&#8243; saved_tabs=&#8221;all&#8221; global_colors_info=&#8221;{}&#8221;][et_pb_row column_structure=&#8221;1_6,1_6,1_6,1_2&#8243; use_custom_gutter=&#8221;on&#8221; custom_padding_last_edited=&#8221;on|tablet&#8221; admin_label=&#8221;Executive Coaching Homepage &#8211; Footer &#8211; Row&#8221; _builder_version=&#8221;4.16&#8243; _module_preset=&#8221;default&#8221; width=&#8221;90%&#8221; max_width=&#8221;1175px&#8221; custom_padding=&#8221;59px||12px||false|false&#8221; custom_padding_tablet=&#8221;40px||40px||false|false&#8221; custom_padding_phone=&#8221;40px||40px|&#8221; use_custom_width=&#8221;on&#8221; custom_width_px=&#8221;1175px&#8221; custom_width_percent=&#8221;1175px&#8221; global_colors_info=&#8221;{}&#8221;][et_pb_column type=&#8221;1_6&#8243; _builder_version=&#8221;4.16&#8243; _module_preset=&#8221;default&#8221; background_position=&#8221;top_left&#8221; custom_padding=&#8221;|||&#8221; custom_css_main_element=&#8221; margin-bottom: 0;&#8221; global_colors_info=&#8221;{}&#8221; custom_padding__hover=&#8221;|||&#8221;][et_pb_cta title=&#8221;Adress&#8221; admin_label=&#8221;Executive Coaching Homepage &#8211; Footer &#8211; Services&#8221; module_class=&#8221;footer_menu&#8221; _builder_version=&#8221;4.27.4&#8243; _module_preset=&#8221;default&#8221; header_font=&#8221;Montserrat||||||||&#8221; header_text_align=&#8221;left&#8221; header_text_color=&#8221;#141414&#8243; header_font_size=&#8221;22px&#8221; header_line_height=&#8221;120%&#8221; body_font=&#8221;Lato||||||||&#8221; body_text_align=&#8221;left&#8221; body_text_color=&#8221;#9b9b9b&#8221; body_font_size=&#8221;15px&#8221; body_line_height=&#8221;120%&#8221; body_ul_type=&#8221;none&#8221; body_link_text_color=&#8221;#9b9b9b&#8221; use_background_color=&#8221;off&#8221; text_orientation=&#8221;left&#8221; custom_padding=&#8221;|||&#8221; custom_padding_last_edited=&#8221;off|desktop&#8221; header_text_align_tablet=&#8221;&#8221; header_text_align_phone=&#8221;center&#8221; header_text_align_last_edited=&#8221;on|phone&#8221; header_font_size_tablet=&#8221;22&#8243; header_font_size_phone=&#8221;20&#8243; header_font_size_last_edited=&#8221;on|phone&#8221; body_text_align_tablet=&#8221;&#8221; body_text_align_phone=&#8221;center&#8221; body_text_align_last_edited=&#8221;on|phone&#8221; text_orientation_tablet=&#8221;&#8221; text_orientation_phone=&#8221;center&#8221; text_orientation_last_edited=&#8221;on|phone&#8221; custom_css_promo_description=&#8221; padding-bottom: 0 !important;||font-weight: 400;&#8221; custom_css_promo_title=&#8221;padding-bottom: 18px;||font-weight: 400;&#8221; global_colors_info=&#8221;{}&#8221; button_text_size__hover_enabled=&#8221;off&#8221; button_one_text_size__hover_enabled=&#8221;off&#8221; button_two_text_size__hover_enabled=&#8221;off&#8221; button_text_color__hover_enabled=&#8221;off&#8221; button_one_text_color__hover_enabled=&#8221;off&#8221; button_two_text_color__hover_enabled=&#8221;off&#8221; button_border_width__hover_enabled=&#8221;off&#8221; button_one_border_width__hover_enabled=&#8221;off&#8221; button_two_border_width__hover_enabled=&#8221;off&#8221; button_border_color__hover_enabled=&#8221;off&#8221; button_one_border_color__hover_enabled=&#8221;off&#8221; button_two_border_color__hover_enabled=&#8221;off&#8221; button_border_radius__hover_enabled=&#8221;off&#8221; button_one_border_radius__hover_enabled=&#8221;off&#8221; button_two_border_radius__hover_enabled=&#8221;off&#8221; button_letter_spacing__hover_enabled=&#8221;off&#8221; button_one_letter_spacing__hover_enabled=&#8221;off&#8221; button_two_letter_spacing__hover_enabled=&#8221;off&#8221; button_bg_color__hover_enabled=&#8221;off&#8221; button_one_bg_color__hover_enabled=&#8221;off&#8221; button_two_bg_color__hover_enabled=&#8221;off&#8221; body_link_text_color__hover_enabled=&#8221;on|hover&#8221; body_link_text_color__hover=&#8221;rgba(155,155,155,0.5)&#8221;]<\/p>\n<p><span>Enckell<br \/>Advokatbyr\u00e5 AB<\/span><br \/><span><\/span><\/p>\n<p><span>Skomakaregatan 1<br \/>211 34 Malm\u00f6<br \/><span style=\"color: #ffffff;\">.<\/span><\/span><\/p>\n<p><span>Org.nr. 556909-1167<\/span><\/p>\n<p>[\/et_pb_cta][\/et_pb_column][et_pb_column type=&#8221;1_6&#8243; _builder_version=&#8221;4.16&#8243; _module_preset=&#8221;default&#8221; background_position=&#8221;top_left&#8221; custom_padding=&#8221;|||&#8221; global_colors_info=&#8221;{}&#8221; custom_padding__hover=&#8221;|||&#8221;][et_pb_cta title=&#8221;Kontakta oss&#8221; admin_label=&#8221;Executive Coaching Homepage &#8211; Footer &#8211; Services&#8221; module_class=&#8221;footer_menu&#8221; _builder_version=&#8221;4.27.4&#8243; _module_preset=&#8221;default&#8221; header_font=&#8221;Montserrat||||||||&#8221; header_text_align=&#8221;left&#8221; header_text_color=&#8221;#141414&#8243; header_font_size=&#8221;22px&#8221; header_line_height=&#8221;120%&#8221; body_font=&#8221;Lato||||||||&#8221; body_text_align=&#8221;left&#8221; body_text_color=&#8221;#9b9b9b&#8221; body_font_size=&#8221;15px&#8221; body_line_height=&#8221;120%&#8221; body_ul_type=&#8221;none&#8221; body_link_text_color=&#8221;#9b9b9b&#8221; use_background_color=&#8221;off&#8221; text_orientation=&#8221;left&#8221; custom_margin=&#8221;|-59px|||false|false&#8221; custom_margin_tablet=&#8221;&#8221; custom_margin_phone=&#8221;|0px|||false|false&#8221; custom_margin_last_edited=&#8221;on|phone&#8221; custom_padding=&#8221;|||&#8221; custom_padding_last_edited=&#8221;off|desktop&#8221; header_text_align_tablet=&#8221;&#8221; header_text_align_phone=&#8221;center&#8221; header_text_align_last_edited=&#8221;on|phone&#8221; header_font_size_tablet=&#8221;22&#8243; header_font_size_phone=&#8221;20&#8243; header_font_size_last_edited=&#8221;on|phone&#8221; body_text_align_tablet=&#8221;&#8221; body_text_align_phone=&#8221;center&#8221; body_text_align_last_edited=&#8221;on|phone&#8221; custom_css_promo_description=&#8221; padding-bottom: 0 !important;||font-weight: 400;&#8221; custom_css_promo_title=&#8221;padding-bottom: 18px;||font-weight: 400;&#8221; locked=&#8221;off&#8221; global_colors_info=&#8221;{}&#8221; button_text_size__hover_enabled=&#8221;off&#8221; button_one_text_size__hover_enabled=&#8221;off&#8221; button_two_text_size__hover_enabled=&#8221;off&#8221; button_text_color__hover_enabled=&#8221;off&#8221; button_one_text_color__hover_enabled=&#8221;off&#8221; button_two_text_color__hover_enabled=&#8221;off&#8221; button_border_width__hover_enabled=&#8221;off&#8221; button_one_border_width__hover_enabled=&#8221;off&#8221; button_two_border_width__hover_enabled=&#8221;off&#8221; button_border_color__hover_enabled=&#8221;off&#8221; button_one_border_color__hover_enabled=&#8221;off&#8221; button_two_border_color__hover_enabled=&#8221;off&#8221; button_border_radius__hover_enabled=&#8221;off&#8221; button_one_border_radius__hover_enabled=&#8221;off&#8221; button_two_border_radius__hover_enabled=&#8221;off&#8221; button_letter_spacing__hover_enabled=&#8221;off&#8221; button_one_letter_spacing__hover_enabled=&#8221;off&#8221; button_two_letter_spacing__hover_enabled=&#8221;off&#8221; button_bg_color__hover_enabled=&#8221;off&#8221; button_one_bg_color__hover_enabled=&#8221;off&#8221; button_two_bg_color__hover_enabled=&#8221;off&#8221; body_link_text_color__hover_enabled=&#8221;on|hover&#8221; body_link_text_color__hover=&#8221;rgba(155,155,155,0.5)&#8221;]<\/p>\n<p><span>E-post:<br \/><\/span><span id=\"e42190206\"><a href=\"mailto:info@enckelladvokatbyra.se\">info@enckelladvokatbyra.se<\/a><\/span><\/p>\n<p><span>Tel: 040-805 74<\/span><\/p>\n<p>[\/et_pb_cta][\/et_pb_column][et_pb_column type=&#8221;1_6&#8243; _builder_version=&#8221;4.16&#8243; _module_preset=&#8221;default&#8221; background_position=&#8221;top_left&#8221; custom_padding=&#8221;||||false|false&#8221; custom_padding_phone=&#8221;|||0px&#8221; custom_padding_last_edited=&#8221;off|desktop&#8221; global_colors_info=&#8221;{}&#8221; custom_padding__hover=&#8221;|||&#8221;][et_pb_cta title=&#8221;Information&#8221; admin_label=&#8221;Executive Coaching Homepage &#8211; Footer &#8211; Services&#8221; module_class=&#8221;footer_menu&#8221; _builder_version=&#8221;4.27.4&#8243; _module_preset=&#8221;default&#8221; header_font=&#8221;Montserrat||||||||&#8221; header_text_align=&#8221;left&#8221; header_text_color=&#8221;#141414&#8243; header_font_size=&#8221;22px&#8221; header_line_height=&#8221;120%&#8221; body_font=&#8221;Lato||||||||&#8221; body_text_align=&#8221;left&#8221; body_text_color=&#8221;#9b9b9b&#8221; body_font_size=&#8221;15px&#8221; body_line_height=&#8221;120%&#8221; body_ul_type=&#8221;none&#8221; body_link_text_color=&#8221;#9b9b9b&#8221; use_background_color=&#8221;off&#8221; text_orientation=&#8221;left&#8221; custom_margin=&#8221;|||20px|false|false&#8221; custom_margin_tablet=&#8221;&#8221; custom_margin_phone=&#8221;|||0px|false|false&#8221; custom_margin_last_edited=&#8221;on|phone&#8221; custom_padding=&#8221;|||&#8221; custom_padding_last_edited=&#8221;off|desktop&#8221; header_text_align_tablet=&#8221;&#8221; header_text_align_phone=&#8221;center&#8221; header_text_align_last_edited=&#8221;on|phone&#8221; header_font_size_tablet=&#8221;22&#8243; header_font_size_phone=&#8221;20&#8243; header_font_size_last_edited=&#8221;on|phone&#8221; body_text_align_tablet=&#8221;&#8221; body_text_align_phone=&#8221;center&#8221; body_text_align_last_edited=&#8221;on|phone&#8221; custom_css_promo_description=&#8221; padding-bottom: 0 !important;||font-weight: 400;&#8221; custom_css_promo_title=&#8221;padding-bottom: 18px;||font-weight: 400;&#8221; locked=&#8221;off&#8221; global_colors_info=&#8221;{}&#8221; button_text_size__hover_enabled=&#8221;off&#8221; button_one_text_size__hover_enabled=&#8221;off&#8221; button_two_text_size__hover_enabled=&#8221;off&#8221; button_text_color__hover_enabled=&#8221;off&#8221; button_one_text_color__hover_enabled=&#8221;off&#8221; button_two_text_color__hover_enabled=&#8221;off&#8221; button_border_width__hover_enabled=&#8221;off&#8221; button_one_border_width__hover_enabled=&#8221;off&#8221; button_two_border_width__hover_enabled=&#8221;off&#8221; button_border_color__hover_enabled=&#8221;off&#8221; button_one_border_color__hover_enabled=&#8221;off&#8221; button_two_border_color__hover_enabled=&#8221;off&#8221; button_border_radius__hover_enabled=&#8221;off&#8221; button_one_border_radius__hover_enabled=&#8221;off&#8221; button_two_border_radius__hover_enabled=&#8221;off&#8221; button_letter_spacing__hover_enabled=&#8221;off&#8221; button_one_letter_spacing__hover_enabled=&#8221;off&#8221; button_two_letter_spacing__hover_enabled=&#8221;off&#8221; button_bg_color__hover_enabled=&#8221;off&#8221; button_one_bg_color__hover_enabled=&#8221;off&#8221; button_two_bg_color__hover_enabled=&#8221;off&#8221; body_link_text_color__hover_enabled=&#8221;on|hover&#8221; body_link_text_color__hover=&#8221;rgba(155,155,155,0.5)&#8221;]<\/p>\n<p><a href=\"\/allmanna-villkor\">Allm\u00e4nna villkor<\/a><\/p>\n<p><a href=\"\/behandling-av-personuppgifter\/\">Personuppgiftsbehandling<\/a><\/p>\n<p>[\/et_pb_cta][\/et_pb_column][et_pb_column type=&#8221;1_2&#8243; _builder_version=&#8221;4.16&#8243; _module_preset=&#8221;default&#8221; background_position=&#8221;top_left&#8221; custom_padding=&#8221;|||&#8221; global_colors_info=&#8221;{}&#8221; custom_padding__hover=&#8221;|||&#8221;][et_pb_social_media_follow icon_color=&#8221;#141414&#8243; admin_label=&#8221;Executive Coaching Homepage &#8211; Footer &#8211; Social Media Follow&#8221; _builder_version=&#8221;4.27.4&#8243; _module_preset=&#8221;default&#8221; background_color=&#8221;#ffffff&#8221; background_layout=&#8221;dark&#8221; custom_margin=&#8221;-10px|||&#8221; custom_padding=&#8221;|||&#8221; hover_enabled=&#8221;0&#8243; text_orientation_tablet=&#8221;&#8221; text_orientation_phone=&#8221;center&#8221; text_orientation_last_edited=&#8221;on|phone&#8221; global_colors_info=&#8221;{}&#8221; sticky_enabled=&#8221;0&#8243; follow_button=&#8221;on&#8221;][et_pb_social_media_follow_network social_network=&#8221;linkedin&#8221; url=&#8221;https:\/\/se.linkedin.com\/company\/enckell-advokatbyr%C3%A5&#8243; use_icon_font_size=&#8221;on&#8221; icon_font_size=&#8221;37px&#8221; _builder_version=&#8221;4.27.4&#8243; _module_preset=&#8221;default&#8221; background_color=&#8221;#ffffff&#8221; hover_enabled=&#8221;0&#8243; global_colors_info=&#8221;{}&#8221; follow_button=&#8221;on&#8221; url_new_window=&#8221;on&#8221; sticky_enabled=&#8221;0&#8243;]linkedin[\/et_pb_social_media_follow_network][\/et_pb_social_media_follow][\/et_pb_column][\/et_pb_row][et_pb_row column_structure=&#8221;1_2,1_2&#8243; use_custom_gutter=&#8221;on&#8221; gutter_width=&#8221;2&#8243; admin_label=&#8221;Row &#8211; Ps SubsExecutive Coaching Homepage &#8211; Footer &#8211; Rowcribe Footer&#8221; _builder_version=&#8221;4.16&#8243; _module_preset=&#8221;default&#8221; width=&#8221;90%&#8221; max_width=&#8221;1175px&#8221; custom_padding=&#8221;22px||11px|||&#8221; use_custom_width=&#8221;on&#8221; custom_width_px=&#8221;1175px&#8221; custom_width_percent=&#8221;1175px&#8221; global_colors_info=&#8221;{}&#8221;][et_pb_column type=&#8221;1_2&#8243; _builder_version=&#8221;4.16&#8243; _module_preset=&#8221;default&#8221; background_position=&#8221;top_left&#8221; custom_padding=&#8221;|||&#8221; custom_css_main_element=&#8221;margin-bottom: 0 !important;&#8221; global_colors_info=&#8221;{}&#8221; custom_padding__hover=&#8221;|||&#8221;][et_pb_text disabled_on=&#8221;off|off|off&#8221; admin_label=&#8221;Executive Coaching Homepage &#8211; Footer &#8211; Copyright Website  | Privacy Policy | Disclaimer | Site Map&#8221; _builder_version=&#8221;4.27.4&#8243; _module_preset=&#8221;default&#8221; text_font=&#8221;Lato||||||||&#8221; text_text_color=&#8221;#9b9b9b&#8221; text_line_height=&#8221;120%&#8221; module_alignment=&#8221;center&#8221; custom_margin_tablet=&#8221;||5px||false|false&#8221; custom_margin_phone=&#8221;&#8221; custom_margin_last_edited=&#8221;on|tablet&#8221; custom_padding=&#8221;|||4px&#8221; text_orientation_tablet=&#8221;center&#8221; text_orientation_phone=&#8221;center&#8221; text_orientation_last_edited=&#8221;on|tablet&#8221; custom_css_main_element=&#8221;font-weight: 400;&#8221; global_colors_info=&#8221;{}&#8221;]<\/p>\n<p>Copyright Enckell Advokatbyr\u00e5 \u00a9<\/p>\n<p>[\/et_pb_text][\/et_pb_column][et_pb_column type=&#8221;1_2&#8243; _builder_version=&#8221;4.16&#8243; _module_preset=&#8221;default&#8221; background_position=&#8221;top_left&#8221; custom_padding=&#8221;|||&#8221; global_colors_info=&#8221;{}&#8221; custom_padding__hover=&#8221;|||&#8221;][et_pb_text disabled_on=&#8221;on|on|on&#8221; admin_label=&#8221;Executive Coaching Homepage &#8211; Footer &#8211; Text&#8221; _builder_version=&#8221;4.27.4&#8243; _module_preset=&#8221;default&#8221; text_font=&#8221;Lato||||||||&#8221; text_text_color=&#8221;#9b9b9b&#8221; text_line_height=&#8221;120%&#8221; link_text_color=&#8221;#9b9b9b&#8221; text_orientation=&#8221;right&#8221; text_orientation_tablet=&#8221;center&#8221; text_orientation_phone=&#8221;&#8221; text_orientation_last_edited=&#8221;on|tablet&#8221; custom_css_main_element=&#8221;    font-weight: 400;&#8221; disabled=&#8221;on&#8221; locked=&#8221;off&#8221; global_colors_info=&#8221;{}&#8221; link_text_color__hover_enabled=&#8221;on|hover&#8221; link_text_color__hover=&#8221;rgba(155,155,155,0.5)&#8221;]<\/p>\n<p>Copyright Enckell Advokatbyr\u00e5 \u00a9<\/p>\n<p>[\/et_pb_text][\/et_pb_column][\/et_pb_row][\/et_pb_section]<\/p>\n","protected":false},"excerpt":{"rendered":"<p>Enckell Advokatbyr\u00e5 AB \u00e4r personuppgiftsansvarig f\u00f6r de personuppgifter avseende kontaktpersoner vi erh\u00e5ller i samband med uppdrag eller som annars behandlas n\u00e4r uppdraget f\u00f6rbereds eller administreras. Ni \u00e4r inte skyldiga att l\u00e4mna personuppgifter till oss men utan att det sker kan vi inte \u00e5ta oss ett uppdrag eftersom vi inte kan genomf\u00f6ra n\u00f6dv\u00e4ndig j\u00e4vs- och penningtv\u00e4ttskontroll. [&hellip;]<\/p>\n","protected":false},"author":1,"featured_media":0,"parent":0,"menu_order":0,"comment_status":"closed","ping_status":"closed","template":"","meta":{"_et_pb_use_builder":"on","_et_pb_old_content":"","_et_gb_content_width":"","footnotes":""},"difl_page_category":[],"class_list":["post-207699","page","type-page","status-publish","hentry"],"yoast_head":"<!-- This site is optimized with the Yoast SEO plugin v27.4 - https:\/\/yoast.com\/product\/yoast-seo-wordpress\/ -->\n<title>Behandling av personuppgifter - Enckell Advokatbyr\u00e5 Malm\u00f6<\/title>\n<meta name=\"robots\" content=\"index, follow, max-snippet:-1, max-image-preview:large, max-video-preview:-1\" \/>\n<link rel=\"canonical\" href=\"https:\/\/enckelladvokatbyra.se\/en\/behandling-av-personuppgifter\/\" \/>\n<meta property=\"og:locale\" content=\"en_GB\" \/>\n<meta property=\"og:type\" content=\"article\" \/>\n<meta property=\"og:title\" content=\"Behandling av personuppgifter - Enckell Advokatbyr\u00e5 Malm\u00f6\" \/>\n<meta property=\"og:description\" content=\"Enckell Advokatbyr\u00e5 AB \u00e4r personuppgiftsansvarig f\u00f6r de personuppgifter avseende kontaktpersoner vi erh\u00e5ller i samband med uppdrag eller som annars behandlas n\u00e4r uppdraget f\u00f6rbereds eller administreras. Ni \u00e4r inte skyldiga att l\u00e4mna personuppgifter till oss men utan att det sker kan vi inte \u00e5ta oss ett uppdrag eftersom vi inte kan genomf\u00f6ra n\u00f6dv\u00e4ndig j\u00e4vs- och penningtv\u00e4ttskontroll. [&hellip;]\" \/>\n<meta property=\"og:url\" content=\"https:\/\/enckelladvokatbyra.se\/en\/behandling-av-personuppgifter\/\" \/>\n<meta property=\"og:site_name\" content=\"Enckell Advokatbyr\u00e5 Malm\u00f6\" \/>\n<meta property=\"article:modified_time\" content=\"2025-11-18T13:54:10+00:00\" \/>\n<meta name=\"twitter:card\" content=\"summary_large_image\" \/>\n<meta name=\"twitter:label1\" content=\"Estimated reading time\" \/>\n\t<meta name=\"twitter:data1\" content=\"14 minutes\" \/>\n<script type=\"application\/ld+json\" class=\"yoast-schema-graph\">{\"@context\":\"https:\\\/\\\/schema.org\",\"@graph\":[{\"@type\":\"WebPage\",\"@id\":\"https:\\\/\\\/enckelladvokatbyra.se\\\/behandling-av-personuppgifter\\\/\",\"url\":\"https:\\\/\\\/enckelladvokatbyra.se\\\/behandling-av-personuppgifter\\\/\",\"name\":\"Behandling av personuppgifter - Enckell Advokatbyr\u00e5 Malm\u00f6\",\"isPartOf\":{\"@id\":\"https:\\\/\\\/enckelladvokatbyra.se\\\/#website\"},\"datePublished\":\"2025-11-18T13:45:26+00:00\",\"dateModified\":\"2025-11-18T13:54:10+00:00\",\"breadcrumb\":{\"@id\":\"https:\\\/\\\/enckelladvokatbyra.se\\\/behandling-av-personuppgifter\\\/#breadcrumb\"},\"inLanguage\":\"en-GB\",\"potentialAction\":[{\"@type\":\"ReadAction\",\"target\":[\"https:\\\/\\\/enckelladvokatbyra.se\\\/behandling-av-personuppgifter\\\/\"]}]},{\"@type\":\"BreadcrumbList\",\"@id\":\"https:\\\/\\\/enckelladvokatbyra.se\\\/behandling-av-personuppgifter\\\/#breadcrumb\",\"itemListElement\":[{\"@type\":\"ListItem\",\"position\":1,\"name\":\"Hem\",\"item\":\"https:\\\/\\\/enckelladvokatbyra.se\\\/\"},{\"@type\":\"ListItem\",\"position\":2,\"name\":\"Behandling av personuppgifter\"}]},{\"@type\":\"WebSite\",\"@id\":\"https:\\\/\\\/enckelladvokatbyra.se\\\/#website\",\"url\":\"https:\\\/\\\/enckelladvokatbyra.se\\\/\",\"name\":\"Enckell Advokatbyr\u00e5 Malm\u00f6\",\"description\":\"\",\"potentialAction\":[{\"@type\":\"SearchAction\",\"target\":{\"@type\":\"EntryPoint\",\"urlTemplate\":\"https:\\\/\\\/enckelladvokatbyra.se\\\/?s={search_term_string}\"},\"query-input\":{\"@type\":\"PropertyValueSpecification\",\"valueRequired\":true,\"valueName\":\"search_term_string\"}}],\"inLanguage\":\"en-GB\"}]}<\/script>\n<!-- \/ Yoast SEO plugin. -->","yoast_head_json":{"title":"Behandling av personuppgifter - Enckell Advokatbyr\u00e5 Malm\u00f6","robots":{"index":"index","follow":"follow","max-snippet":"max-snippet:-1","max-image-preview":"max-image-preview:large","max-video-preview":"max-video-preview:-1"},"canonical":"https:\/\/enckelladvokatbyra.se\/en\/behandling-av-personuppgifter\/","og_locale":"en_GB","og_type":"article","og_title":"Behandling av personuppgifter - Enckell Advokatbyr\u00e5 Malm\u00f6","og_description":"Enckell Advokatbyr\u00e5 AB \u00e4r personuppgiftsansvarig f\u00f6r de personuppgifter avseende kontaktpersoner vi erh\u00e5ller i samband med uppdrag eller som annars behandlas n\u00e4r uppdraget f\u00f6rbereds eller administreras. Ni \u00e4r inte skyldiga att l\u00e4mna personuppgifter till oss men utan att det sker kan vi inte \u00e5ta oss ett uppdrag eftersom vi inte kan genomf\u00f6ra n\u00f6dv\u00e4ndig j\u00e4vs- och penningtv\u00e4ttskontroll. [&hellip;]","og_url":"https:\/\/enckelladvokatbyra.se\/en\/behandling-av-personuppgifter\/","og_site_name":"Enckell Advokatbyr\u00e5 Malm\u00f6","article_modified_time":"2025-11-18T13:54:10+00:00","twitter_card":"summary_large_image","twitter_misc":{"Estimated reading time":"14 minutes"},"schema":{"@context":"https:\/\/schema.org","@graph":[{"@type":"WebPage","@id":"https:\/\/enckelladvokatbyra.se\/behandling-av-personuppgifter\/","url":"https:\/\/enckelladvokatbyra.se\/behandling-av-personuppgifter\/","name":"Behandling av personuppgifter - Enckell Advokatbyr\u00e5 Malm\u00f6","isPartOf":{"@id":"https:\/\/enckelladvokatbyra.se\/#website"},"datePublished":"2025-11-18T13:45:26+00:00","dateModified":"2025-11-18T13:54:10+00:00","breadcrumb":{"@id":"https:\/\/enckelladvokatbyra.se\/behandling-av-personuppgifter\/#breadcrumb"},"inLanguage":"en-GB","potentialAction":[{"@type":"ReadAction","target":["https:\/\/enckelladvokatbyra.se\/behandling-av-personuppgifter\/"]}]},{"@type":"BreadcrumbList","@id":"https:\/\/enckelladvokatbyra.se\/behandling-av-personuppgifter\/#breadcrumb","itemListElement":[{"@type":"ListItem","position":1,"name":"Hem","item":"https:\/\/enckelladvokatbyra.se\/"},{"@type":"ListItem","position":2,"name":"Behandling av personuppgifter"}]},{"@type":"WebSite","@id":"https:\/\/enckelladvokatbyra.se\/#website","url":"https:\/\/enckelladvokatbyra.se\/","name":"Enckell Advokatbyr\u00e5 Malm\u00f6","description":"","potentialAction":[{"@type":"SearchAction","target":{"@type":"EntryPoint","urlTemplate":"https:\/\/enckelladvokatbyra.se\/?s={search_term_string}"},"query-input":{"@type":"PropertyValueSpecification","valueRequired":true,"valueName":"search_term_string"}}],"inLanguage":"en-GB"}]}},"_links":{"self":[{"href":"https:\/\/enckelladvokatbyra.se\/en\/wp-json\/wp\/v2\/pages\/207699","targetHints":{"allow":["GET"]}}],"collection":[{"href":"https:\/\/enckelladvokatbyra.se\/en\/wp-json\/wp\/v2\/pages"}],"about":[{"href":"https:\/\/enckelladvokatbyra.se\/en\/wp-json\/wp\/v2\/types\/page"}],"author":[{"embeddable":true,"href":"https:\/\/enckelladvokatbyra.se\/en\/wp-json\/wp\/v2\/users\/1"}],"replies":[{"embeddable":true,"href":"https:\/\/enckelladvokatbyra.se\/en\/wp-json\/wp\/v2\/comments?post=207699"}],"version-history":[{"count":7,"href":"https:\/\/enckelladvokatbyra.se\/en\/wp-json\/wp\/v2\/pages\/207699\/revisions"}],"predecessor-version":[{"id":207710,"href":"https:\/\/enckelladvokatbyra.se\/en\/wp-json\/wp\/v2\/pages\/207699\/revisions\/207710"}],"wp:attachment":[{"href":"https:\/\/enckelladvokatbyra.se\/en\/wp-json\/wp\/v2\/media?parent=207699"}],"wp:term":[{"taxonomy":"difl_page_category","embeddable":true,"href":"https:\/\/enckelladvokatbyra.se\/en\/wp-json\/wp\/v2\/difl_page_category?post=207699"}],"curies":[{"name":"wp","href":"https:\/\/api.w.org\/{rel}","templated":true}]}}